{"id":712,"date":"2026-03-25T18:34:45","date_gmt":"2026-03-25T17:34:45","guid":{"rendered":"https:\/\/www.clasicosenalcala.net\/2026\/?post_type=jornadas-academicas&#038;p=712"},"modified":"2026-04-27T13:00:31","modified_gmt":"2026-04-27T11:00:31","slug":"el-teatro-del-siglo-xvi-de-juan-del-encina-a-la-tragedia","status":"publish","type":"jornadas-academicas","link":"https:\/\/www.clasicosenalcala.net\/2026\/jornadas-academicas\/el-teatro-del-siglo-xvi-de-juan-del-encina-a-la-tragedia\/","title":{"rendered":"El teatro del Siglo XVI. De Juan del Encina a la tragedia"},"content":{"rendered":"<p>Del mi\u00e9rcoles 1 al s\u00e1bado 4 de julio<br \/>\nAntiguo Hospital Santa Mar\u00eda la Rica<br \/>\n<b>I<\/b><b>nauguraci\u00f3n: Mi\u00e9rcoles 1 de julio, 16.00 h. <\/b><b>Teatro Sal\u00f3n Cervantes.<\/b><\/p>\n<p>Entrada con previa inscripci\u00f3n y selecci\u00f3n acad\u00e9mica<\/p>\n<p>Con direcci\u00f3n de Luciano Garc\u00eda Lorenzo y coordinaci\u00f3n de Santiago P\u00e9rez (EscenaTe).<\/p>\n<p><strong>Para p\u00fablico adulto<br \/>\n<\/strong><strong>Apto para personas con movilidad reducida<\/strong><\/p>\n<p>Durante las jornadas se conceden 30 becas que comprenden alojamiento, manutenci\u00f3n, exenci\u00f3n del pago de inscripci\u00f3n, asistencia a representaciones teatrales y materiales habituales para el desarrollo de este tipo de actividades. Esta convocatoria es abierta mediante solicitud hasta un mes antes del inicio de las jornadas, y est\u00e1n especialmente dirigidas a grupos universitarios de investigaci\u00f3n en teatro cl\u00e1sico espa\u00f1ol y a personas con inter\u00e9s en el teatro cl\u00e1sico del Siglo de Oro.<\/p>\n<p>Al finalizar se entrega certificado de asistencia a los participantes que asisten al menos al 85% de las sesiones.<\/p>\n","protected":false},"excerpt":{"rendered":"<p>Jornadas especialmente dirigidas a grupos universitarios de investigaci\u00f3n en teatro cl\u00e1sico espa\u00f1ol y a personas con inter\u00e9s en el teatro cl\u00e1sico del Siglo de Oro. Durante las jornadas se conceden 30 becas que comprenden alojamiento, manutenci\u00f3n y exenci\u00f3n del pago de inscripci\u00f3n. Al finalizar se entrega certificado de asistencia a los participantes que asisten al menos al 85% de las sesiones. <\/p>\n","protected":false},"featured_media":2405,"parent":0,"template":"","class_list":["post-712","jornadas-academicas","type-jornadas-academicas","status-publish","has-post-thumbnail","hentry"],"yoast_head":"<!-- This site is optimized with the Yoast SEO plugin v27.4 - https:\/\/yoast.com\/product\/yoast-seo-wordpress\/ -->\n<title>El teatro del Siglo XVI. De Juan del Encina a la tragedia - Festival de Teatro Cl\u00e1sicos en Alcal\u00e1 2026<\/title>\n<meta name=\"robots\" content=\"index, follow, max-snippet:-1, max-image-preview:large, max-video-preview:-1\" \/>\n<link rel=\"canonical\" href=\"https:\/\/www.clasicosenalcala.net\/2026\/jornadas-academicas\/el-teatro-del-siglo-xvi-de-juan-del-encina-a-la-tragedia\/\" \/>\n<meta property=\"og:locale\" content=\"es_ES\" \/>\n<meta property=\"og:type\" content=\"article\" \/>\n<meta property=\"og:title\" content=\"El teatro del Siglo XVI. De Juan del Encina a la tragedia - Festival de Teatro Cl\u00e1sicos en Alcal\u00e1 2026\" \/>\n<meta property=\"og:description\" content=\"Jornadas especialmente dirigidas a grupos universitarios de investigaci\u00f3n en teatro cl\u00e1sico espa\u00f1ol y a personas con inter\u00e9s en el teatro cl\u00e1sico del Siglo de Oro. Durante las jornadas se conceden 30 becas que comprenden alojamiento, manutenci\u00f3n y exenci\u00f3n del pago de inscripci\u00f3n. Al finalizar se entrega certificado de asistencia a los participantes que asisten al menos al 85% de las sesiones.\" \/>\n<meta property=\"og:url\" content=\"https:\/\/www.clasicosenalcala.net\/2026\/jornadas-academicas\/el-teatro-del-siglo-xvi-de-juan-del-encina-a-la-tragedia\/\" \/>\n<meta property=\"og:site_name\" content=\"Festival de Teatro Cl\u00e1sicos en Alcal\u00e1 2026\" \/>\n<meta property=\"article:publisher\" content=\"http:\/\/www.facebook.com\/pages\/Clsicos-en-Alcal\/117666598263772\" \/>\n<meta property=\"article:modified_time\" content=\"2026-04-27T11:00:31+00:00\" \/>\n<meta property=\"og:image\" content=\"https:\/\/www.clasicosenalcala.net\/2026\/wp-content\/uploads\/2026\/03\/FOTO-2-Foto-de-Ceferino-Lopez.-Farsas-y-Eglogas-de-Lucas-Fernandez.-Coproduccion-de-Nao-d\u00b4amores-y-la-Compania-Nacional-de-Teatro-Clasico.jpg\" \/>\n\t<meta property=\"og:image:width\" content=\"1200\" \/>\n\t<meta property=\"og:image:height\" content=\"800\" \/>\n\t<meta property=\"og:image:type\" content=\"image\/jpeg\" \/>\n<meta name=\"twitter:card\" content=\"summary_large_image\" \/>\n<meta name=\"twitter:site\" content=\"@ClasicosAlcala\" \/>\n<meta name=\"twitter:label1\" content=\"Tiempo de lectura\" \/>\n\t<meta name=\"twitter:data1\" content=\"1 minuto\" \/>\n<script type=\"application\/ld+json\" class=\"yoast-schema-graph\">{\"@context\":\"https:\\\/\\\/schema.org\",\"@graph\":[{\"@type\":\"WebPage\",\"@id\":\"https:\\\/\\\/www.clasicosenalcala.net\\\/2026\\\/jornadas-academicas\\\/el-teatro-del-siglo-xvi-de-juan-del-encina-a-la-tragedia\\\/\",\"url\":\"https:\\\/\\\/www.clasicosenalcala.net\\\/2026\\\/jornadas-academicas\\\/el-teatro-del-siglo-xvi-de-juan-del-encina-a-la-tragedia\\\/\",\"name\":\"El teatro del Siglo XVI. De Juan del Encina a la tragedia - Festival de Teatro Cl\u00e1sicos en Alcal\u00e1 2026\",\"isPartOf\":{\"@id\":\"https:\\\/\\\/www.clasicosenalcala.net\\\/2026\\\/#website\"},\"primaryImageOfPage\":{\"@id\":\"https:\\\/\\\/www.clasicosenalcala.net\\\/2026\\\/jornadas-academicas\\\/el-teatro-del-siglo-xvi-de-juan-del-encina-a-la-tragedia\\\/#primaryimage\"},\"image\":{\"@id\":\"https:\\\/\\\/www.clasicosenalcala.net\\\/2026\\\/jornadas-academicas\\\/el-teatro-del-siglo-xvi-de-juan-del-encina-a-la-tragedia\\\/#primaryimage\"},\"thumbnailUrl\":\"https:\\\/\\\/www.clasicosenalcala.net\\\/2026\\\/wp-content\\\/uploads\\\/2026\\\/03\\\/FOTO-2-Foto-de-Ceferino-Lopez.-Farsas-y-Eglogas-de-Lucas-Fernandez.-Coproduccion-de-Nao-d\u00b4amores-y-la-Compania-Nacional-de-Teatro-Clasico.jpg\",\"datePublished\":\"2026-03-25T17:34:45+00:00\",\"dateModified\":\"2026-04-27T11:00:31+00:00\",\"breadcrumb\":{\"@id\":\"https:\\\/\\\/www.clasicosenalcala.net\\\/2026\\\/jornadas-academicas\\\/el-teatro-del-siglo-xvi-de-juan-del-encina-a-la-tragedia\\\/#breadcrumb\"},\"inLanguage\":\"es\",\"potentialAction\":[{\"@type\":\"ReadAction\",\"target\":[\"https:\\\/\\\/www.clasicosenalcala.net\\\/2026\\\/jornadas-academicas\\\/el-teatro-del-siglo-xvi-de-juan-del-encina-a-la-tragedia\\\/\"]}]},{\"@type\":\"ImageObject\",\"inLanguage\":\"es\",\"@id\":\"https:\\\/\\\/www.clasicosenalcala.net\\\/2026\\\/jornadas-academicas\\\/el-teatro-del-siglo-xvi-de-juan-del-encina-a-la-tragedia\\\/#primaryimage\",\"url\":\"https:\\\/\\\/www.clasicosenalcala.net\\\/2026\\\/wp-content\\\/uploads\\\/2026\\\/03\\\/FOTO-2-Foto-de-Ceferino-Lopez.-Farsas-y-Eglogas-de-Lucas-Fernandez.-Coproduccion-de-Nao-d\u00b4amores-y-la-Compania-Nacional-de-Teatro-Clasico.jpg\",\"contentUrl\":\"https:\\\/\\\/www.clasicosenalcala.net\\\/2026\\\/wp-content\\\/uploads\\\/2026\\\/03\\\/FOTO-2-Foto-de-Ceferino-Lopez.-Farsas-y-Eglogas-de-Lucas-Fernandez.-Coproduccion-de-Nao-d\u00b4amores-y-la-Compania-Nacional-de-Teatro-Clasico.jpg\",\"width\":1200,\"height\":800},{\"@type\":\"BreadcrumbList\",\"@id\":\"https:\\\/\\\/www.clasicosenalcala.net\\\/2026\\\/jornadas-academicas\\\/el-teatro-del-siglo-xvi-de-juan-del-encina-a-la-tragedia\\\/#breadcrumb\",\"itemListElement\":[{\"@type\":\"ListItem\",\"position\":1,\"name\":\"Portada\",\"item\":\"https:\\\/\\\/www.clasicosenalcala.net\\\/2026\\\/\"},{\"@type\":\"ListItem\",\"position\":2,\"name\":\"Jornadas Academicas\",\"item\":\"https:\\\/\\\/www.clasicosenalcala.net\\\/2026\\\/jornadas-academicas\\\/\"},{\"@type\":\"ListItem\",\"position\":3,\"name\":\"El teatro del Siglo XVI. De Juan del Encina a la tragedia\"}]},{\"@type\":\"WebSite\",\"@id\":\"https:\\\/\\\/www.clasicosenalcala.net\\\/2026\\\/#website\",\"url\":\"https:\\\/\\\/www.clasicosenalcala.net\\\/2026\\\/\",\"name\":\"Festival Hispanoamericano del Siglo de Oro. XXV edici\u00f3n\",\"description\":\"\",\"publisher\":{\"@id\":\"https:\\\/\\\/www.clasicosenalcala.net\\\/2026\\\/#organization\"},\"potentialAction\":[{\"@type\":\"SearchAction\",\"target\":{\"@type\":\"EntryPoint\",\"urlTemplate\":\"https:\\\/\\\/www.clasicosenalcala.net\\\/2026\\\/?s={search_term_string}\"},\"query-input\":{\"@type\":\"PropertyValueSpecification\",\"valueRequired\":true,\"valueName\":\"search_term_string\"}}],\"inLanguage\":\"es\"},{\"@type\":\"Organization\",\"@id\":\"https:\\\/\\\/www.clasicosenalcala.net\\\/2026\\\/#organization\",\"name\":\"Festival Hispanoamericano del Siglo de Oro.\",\"url\":\"https:\\\/\\\/www.clasicosenalcala.net\\\/2026\\\/\",\"logo\":{\"@type\":\"ImageObject\",\"inLanguage\":\"es\",\"@id\":\"https:\\\/\\\/www.clasicosenalcala.net\\\/2026\\\/#\\\/schema\\\/logo\\\/image\\\/\",\"url\":\"https:\\\/\\\/www.clasicosenalcala.net\\\/2026\\\/wp-content\\\/uploads\\\/2026\\\/03\\\/cropped-favicon@600x-8.png\",\"contentUrl\":\"https:\\\/\\\/www.clasicosenalcala.net\\\/2026\\\/wp-content\\\/uploads\\\/2026\\\/03\\\/cropped-favicon@600x-8.png\",\"width\":512,\"height\":512,\"caption\":\"Festival Hispanoamericano del Siglo de Oro.\"},\"image\":{\"@id\":\"https:\\\/\\\/www.clasicosenalcala.net\\\/2026\\\/#\\\/schema\\\/logo\\\/image\\\/\"},\"sameAs\":[\"http:\\\/\\\/www.facebook.com\\\/pages\\\/Clsicos-en-Alcal\\\/117666598263772\",\"https:\\\/\\\/x.com\\\/ClasicosAlcala\",\"https:\\\/\\\/www.instagram.com\\\/clasicosalcala\\\/\"]}]}<\/script>\n<!-- \/ Yoast SEO plugin. -->","yoast_head_json":{"title":"El teatro del Siglo XVI. De Juan del Encina a la tragedia - Festival de Teatro Cl\u00e1sicos en Alcal\u00e1 2026","robots":{"index":"index","follow":"follow","max-snippet":"max-snippet:-1","max-image-preview":"max-image-preview:large","max-video-preview":"max-video-preview:-1"},"canonical":"https:\/\/www.clasicosenalcala.net\/2026\/jornadas-academicas\/el-teatro-del-siglo-xvi-de-juan-del-encina-a-la-tragedia\/","og_locale":"es_ES","og_type":"article","og_title":"El teatro del Siglo XVI. De Juan del Encina a la tragedia - Festival de Teatro Cl\u00e1sicos en Alcal\u00e1 2026","og_description":"Jornadas especialmente dirigidas a grupos universitarios de investigaci\u00f3n en teatro cl\u00e1sico espa\u00f1ol y a personas con inter\u00e9s en el teatro cl\u00e1sico del Siglo de Oro. Durante las jornadas se conceden 30 becas que comprenden alojamiento, manutenci\u00f3n y exenci\u00f3n del pago de inscripci\u00f3n. Al finalizar se entrega certificado de asistencia a los participantes que asisten al menos al 85% de las sesiones.","og_url":"https:\/\/www.clasicosenalcala.net\/2026\/jornadas-academicas\/el-teatro-del-siglo-xvi-de-juan-del-encina-a-la-tragedia\/","og_site_name":"Festival de Teatro Cl\u00e1sicos en Alcal\u00e1 2026","article_publisher":"http:\/\/www.facebook.com\/pages\/Clsicos-en-Alcal\/117666598263772","article_modified_time":"2026-04-27T11:00:31+00:00","og_image":[{"width":1200,"height":800,"url":"https:\/\/www.clasicosenalcala.net\/2026\/wp-content\/uploads\/2026\/03\/FOTO-2-Foto-de-Ceferino-Lopez.-Farsas-y-Eglogas-de-Lucas-Fernandez.-Coproduccion-de-Nao-d\u00b4amores-y-la-Compania-Nacional-de-Teatro-Clasico.jpg","type":"image\/jpeg"}],"twitter_card":"summary_large_image","twitter_site":"@ClasicosAlcala","twitter_misc":{"Tiempo de lectura":"1 minuto"},"schema":{"@context":"https:\/\/schema.org","@graph":[{"@type":"WebPage","@id":"https:\/\/www.clasicosenalcala.net\/2026\/jornadas-academicas\/el-teatro-del-siglo-xvi-de-juan-del-encina-a-la-tragedia\/","url":"https:\/\/www.clasicosenalcala.net\/2026\/jornadas-academicas\/el-teatro-del-siglo-xvi-de-juan-del-encina-a-la-tragedia\/","name":"El teatro del Siglo XVI. De Juan del Encina a la tragedia - Festival de Teatro Cl\u00e1sicos en Alcal\u00e1 2026","isPartOf":{"@id":"https:\/\/www.clasicosenalcala.net\/2026\/#website"},"primaryImageOfPage":{"@id":"https:\/\/www.clasicosenalcala.net\/2026\/jornadas-academicas\/el-teatro-del-siglo-xvi-de-juan-del-encina-a-la-tragedia\/#primaryimage"},"image":{"@id":"https:\/\/www.clasicosenalcala.net\/2026\/jornadas-academicas\/el-teatro-del-siglo-xvi-de-juan-del-encina-a-la-tragedia\/#primaryimage"},"thumbnailUrl":"https:\/\/www.clasicosenalcala.net\/2026\/wp-content\/uploads\/2026\/03\/FOTO-2-Foto-de-Ceferino-Lopez.-Farsas-y-Eglogas-de-Lucas-Fernandez.-Coproduccion-de-Nao-d\u00b4amores-y-la-Compania-Nacional-de-Teatro-Clasico.jpg","datePublished":"2026-03-25T17:34:45+00:00","dateModified":"2026-04-27T11:00:31+00:00","breadcrumb":{"@id":"https:\/\/www.clasicosenalcala.net\/2026\/jornadas-academicas\/el-teatro-del-siglo-xvi-de-juan-del-encina-a-la-tragedia\/#breadcrumb"},"inLanguage":"es","potentialAction":[{"@type":"ReadAction","target":["https:\/\/www.clasicosenalcala.net\/2026\/jornadas-academicas\/el-teatro-del-siglo-xvi-de-juan-del-encina-a-la-tragedia\/"]}]},{"@type":"ImageObject","inLanguage":"es","@id":"https:\/\/www.clasicosenalcala.net\/2026\/jornadas-academicas\/el-teatro-del-siglo-xvi-de-juan-del-encina-a-la-tragedia\/#primaryimage","url":"https:\/\/www.clasicosenalcala.net\/2026\/wp-content\/uploads\/2026\/03\/FOTO-2-Foto-de-Ceferino-Lopez.-Farsas-y-Eglogas-de-Lucas-Fernandez.-Coproduccion-de-Nao-d\u00b4amores-y-la-Compania-Nacional-de-Teatro-Clasico.jpg","contentUrl":"https:\/\/www.clasicosenalcala.net\/2026\/wp-content\/uploads\/2026\/03\/FOTO-2-Foto-de-Ceferino-Lopez.-Farsas-y-Eglogas-de-Lucas-Fernandez.-Coproduccion-de-Nao-d\u00b4amores-y-la-Compania-Nacional-de-Teatro-Clasico.jpg","width":1200,"height":800},{"@type":"BreadcrumbList","@id":"https:\/\/www.clasicosenalcala.net\/2026\/jornadas-academicas\/el-teatro-del-siglo-xvi-de-juan-del-encina-a-la-tragedia\/#breadcrumb","itemListElement":[{"@type":"ListItem","position":1,"name":"Portada","item":"https:\/\/www.clasicosenalcala.net\/2026\/"},{"@type":"ListItem","position":2,"name":"Jornadas Academicas","item":"https:\/\/www.clasicosenalcala.net\/2026\/jornadas-academicas\/"},{"@type":"ListItem","position":3,"name":"El teatro del Siglo XVI. De Juan del Encina a la tragedia"}]},{"@type":"WebSite","@id":"https:\/\/www.clasicosenalcala.net\/2026\/#website","url":"https:\/\/www.clasicosenalcala.net\/2026\/","name":"Festival Hispanoamericano del Siglo de Oro. XXV edici\u00f3n","description":"","publisher":{"@id":"https:\/\/www.clasicosenalcala.net\/2026\/#organization"},"potentialAction":[{"@type":"SearchAction","target":{"@type":"EntryPoint","urlTemplate":"https:\/\/www.clasicosenalcala.net\/2026\/?s={search_term_string}"},"query-input":{"@type":"PropertyValueSpecification","valueRequired":true,"valueName":"search_term_string"}}],"inLanguage":"es"},{"@type":"Organization","@id":"https:\/\/www.clasicosenalcala.net\/2026\/#organization","name":"Festival Hispanoamericano del Siglo de Oro.","url":"https:\/\/www.clasicosenalcala.net\/2026\/","logo":{"@type":"ImageObject","inLanguage":"es","@id":"https:\/\/www.clasicosenalcala.net\/2026\/#\/schema\/logo\/image\/","url":"https:\/\/www.clasicosenalcala.net\/2026\/wp-content\/uploads\/2026\/03\/cropped-favicon@600x-8.png","contentUrl":"https:\/\/www.clasicosenalcala.net\/2026\/wp-content\/uploads\/2026\/03\/cropped-favicon@600x-8.png","width":512,"height":512,"caption":"Festival Hispanoamericano del Siglo de Oro."},"image":{"@id":"https:\/\/www.clasicosenalcala.net\/2026\/#\/schema\/logo\/image\/"},"sameAs":["http:\/\/www.facebook.com\/pages\/Clsicos-en-Alcal\/117666598263772","https:\/\/x.com\/ClasicosAlcala","https:\/\/www.instagram.com\/clasicosalcala\/"]}]}},"_links":{"self":[{"href":"https:\/\/www.clasicosenalcala.net\/2026\/wp-json\/wp\/v2\/jornadas-academicas\/712","targetHints":{"allow":["GET"]}}],"collection":[{"href":"https:\/\/www.clasicosenalcala.net\/2026\/wp-json\/wp\/v2\/jornadas-academicas"}],"about":[{"href":"https:\/\/www.clasicosenalcala.net\/2026\/wp-json\/wp\/v2\/types\/jornadas-academicas"}],"wp:featuredmedia":[{"embeddable":true,"href":"https:\/\/www.clasicosenalcala.net\/2026\/wp-json\/wp\/v2\/media\/2405"}],"wp:attachment":[{"href":"https:\/\/www.clasicosenalcala.net\/2026\/wp-json\/wp\/v2\/media?parent=712"}],"curies":[{"name":"wp","href":"https:\/\/api.w.org\/{rel}","templated":true}]}}