{"id":1840,"date":"2026-04-06T16:36:38","date_gmt":"2026-04-06T14:36:38","guid":{"rendered":"https:\/\/www.clasicosenalcala.net\/2026\/?page_id=1840"},"modified":"2026-04-06T17:14:06","modified_gmt":"2026-04-06T15:14:06","slug":"informacion-practica","status":"publish","type":"page","link":"https:\/\/www.clasicosenalcala.net\/2026\/informacion-practica\/","title":{"rendered":"D\u00f3nde estamos"},"content":{"rendered":"\t\t<div data-elementor-type=\"wp-page\" data-elementor-id=\"1840\" class=\"elementor elementor-1840\" data-elementor-post-type=\"page\">\n\t\t\t\t<div class=\"elementor-element elementor-element-8e76297 e-flex e-con-boxed e-con e-parent\" data-id=\"8e76297\" data-element_type=\"container\" data-e-type=\"container\" data-settings=\"{&quot;jet_parallax_layout_list&quot;:[]}\">\n\t\t\t\t\t<div class=\"e-con-inner\">\n\t\t<div class=\"elementor-element elementor-element-c97af7f e-con-full e-flex e-con e-child\" data-id=\"c97af7f\" data-element_type=\"container\" data-e-type=\"container\" data-settings=\"{&quot;jet_parallax_layout_list&quot;:[]}\">\n\t\t\t\t<div class=\"elementor-element elementor-element-b0f75ed elementor-widget elementor-widget-heading\" data-id=\"b0f75ed\" data-element_type=\"widget\" data-e-type=\"widget\" data-widget_type=\"heading.default\">\n\t\t\t\t\t<h2 class=\"elementor-heading-title elementor-size-default\">C\u00f3mo llegar<\/h2>\t\t\t\t<\/div>\n\t\t\t\t<div class=\"elementor-element elementor-element-f3875fb elementor-widget elementor-widget-text-editor\" data-id=\"f3875fb\" data-element_type=\"widget\" data-e-type=\"widget\" data-widget_type=\"text-editor.default\">\n\t\t\t\t\t\t\t\t\t<p>Alcal\u00e1 de Henares es un destino imprescindible de la\u00a0<strong>Comunidad de Madrid<\/strong>, situado a\u00a0<strong>30 kms. de Madrid<\/strong>\u00a0y a\u00a0<strong>14 kms. del Aeropuerto Internacional<\/strong>\u00a0Adolfo Su\u00e1rez Madrid-Barajas.<\/p>\n<p>Se puede llegar a la ciudad por la\u00a0<strong>Autopista de peaje R-2<\/strong>\u00a0y por la\u00a0<strong>Autov\u00eda A-2<\/strong>\u00a0(Madrid-Barcelona). Salida 23 (centro hist\u00f3rico), salida 26 (La Garena), salida 28 (Alcal\u00e1 Norte\/ Camarma).<\/p>\n\t\t\t\t\t\t\t\t<\/div>\n\t\t\t\t<div class=\"elementor-element elementor-element-7f053fd elementor-widget elementor-widget-heading\" data-id=\"7f053fd\" data-element_type=\"widget\" data-e-type=\"widget\" data-widget_type=\"heading.default\">\n\t\t\t\t\t<h2 class=\"elementor-heading-title elementor-size-default\">Transporte p\u00fablico interurbano\n<\/h2>\t\t\t\t<\/div>\n\t\t\t\t<div class=\"elementor-element elementor-element-d6edb8e elementor-widget elementor-widget-text-editor\" data-id=\"d6edb8e\" data-element_type=\"widget\" data-e-type=\"widget\" data-widget_type=\"text-editor.default\">\n\t\t\t\t\t\t\t\t\t<div class=\"col-sm-7\" style=\"line-height: 1.6\">\n<h3 style=\"margin-bottom: 15px\">\ud83d\ude90 Tren de Cercan\u00edas &#8211; Renfe<\/h3>\n<p style=\"margin-bottom: 12px\"><strong>L\u00ednea C2<\/strong>: Guadalajara-Alcal\u00e1 de Henares-Madrid (Atocha)-Chamart\u00edn. Trenes cada 20 minutos.<\/p>\n<p style=\"margin-bottom: 12px\"><strong>L\u00ednea C7<\/strong>: Alcal\u00e1 de Henares-Madrid (Atocha)-Chamart\u00edn-Pr\u00edncipe P\u00edo-Atocha-Chamart\u00edn-Tres Cantos. Trenes cada 10 minutos.<\/p>\n<p style=\"margin-bottom: 20px\"><strong>M\u00e1s informaci\u00f3n<\/strong>:<br \/>\n<a style=\"color: #ca2a24;font-weight: 600;text-decoration: none\" title=\"Este enlace se abrir\u00e1 en una ventana nueva\" href=\"http:\/\/www.renfe.com\/\" target=\"_blank\" rel=\"noopener\">www.renfe.com<\/a><\/p>\n<h3 style=\"margin: 25px 0 15px 0\">\ud83d\ude90 Autobuses interurbanos &#8211; ALSA<\/h3>\n<h4 style=\"margin: 15px 0 8px 0\">MADRID<\/h4>\n<p style=\"margin-bottom: 12px\">L\u00ednea 223 \u00b7 Madrid (Avda. de Am\u00e9rica) &#8211; Alcal\u00e1 de Henares (V\u00eda Complutense)<br \/>\nL\u00ednea 227 \u00b7 Madrid (Avda. de Am\u00e9rica) &#8211; Alcal\u00e1 de Henares (Espartales- Universidad)<br \/>\nL\u00ednea 229 \u00b7 Madrid (Avda. de Am\u00e9rica) &#8211; Alcal\u00e1 de Henares (Virgen del Val)<br \/>\nN202 \u00b7 Madrid (Avda. de Am\u00e9rica) &#8211; Alcal\u00e1 de Henares (Servicio Nocturno)<\/p>\n<h4 style=\"margin: 15px 0 8px 0\">AEROPUERTO INTERNACIONAL ADOLFO SU\u00c1REZ MADRID-BARAJAS<\/h4>\n<p style=\"margin-bottom: 12px\">L\u00ednea 824 \u00b7 Madrid (Aeropuerto) &#8211; Torrej\u00f3n de Ardoz &#8211; Alcal\u00e1 de Henares<\/p>\n<h4 style=\"margin: 15px 0 8px 0\">GUADALAJARA<\/h4>\n<p style=\"margin-bottom: 12px\">L\u00ednea 221A \u00b7 Alcal\u00e1 de Henares &#8211; Guadalajara (por Alovera)<br \/>\nL\u00ednea 221 \u00b7 Madrid (Av. Am\u00e9rica) &#8211; Guadalajara (parada en la A-2, junto a los Centros Comerciales de Cuadernillos y La Dehesa)<\/p>\n<p style=\"margin-bottom: 8px\"><strong>M\u00e1s informaci\u00f3n<\/strong>:<\/p>\n<p style=\"margin-bottom: 8px\">Consorcio Regional de Transportes<\/p>\n<p style=\"margin-bottom: 12px\"><i class=\"fas fa-phone-square\"><\/i> 91 580 35 90 \/ 91 580 19 80<\/p>\n<p style=\"margin-bottom: 20px\"><a style=\"color: #ca2a24;font-weight: 600;text-decoration: none\" title=\"Este enlace se abrir\u00e1 en una ventana nueva\" href=\"http:\/\/www.ctm-madrid.es\/\" target=\"_blank\" rel=\"noopener\">www.ctm-madrid.es<\/a><\/p>\n<h3 style=\"margin: 25px 0 15px 0\">\ud83d\ude90 Tren Cervantes<\/h3>\n<p style=\"margin-bottom: 12px\">Servicio tur\u00edstico amenizado por actores y con degustaci\u00f3n de productos de la tradici\u00f3n repostera de la ciudad.<\/p>\n<p style=\"margin-bottom: 12px\">Temporada de primavera y oto\u00f1o.<\/p>\n<p style=\"margin-bottom: 12px\"><strong>Venta de billetes<\/strong>: Estaciones de Cercan\u00edas Madrid (taquillas y m\u00e1quinas autoventa)<\/p>\n<p style=\"margin-bottom: 20px\"><strong>Internet<\/strong>:<br \/>\n<a style=\"color: #ca2a24;font-weight: 600;text-decoration: none\" title=\"Este enlace se abrir\u00e1 en una ventana nueva\" href=\"http:\/\/www.renfe.com\/\" target=\"_blank\" rel=\"noopener\">www.renfe.com<\/a><\/p>\n<\/div>\n<div class=\"col-sm-5\"><\/div>\n\t\t\t\t\t\t\t\t<\/div>\n\t\t\t\t<\/div>\n\t\t<div class=\"elementor-element elementor-element-602d7bc e-con-full e-flex e-con e-child\" data-id=\"602d7bc\" data-element_type=\"container\" data-e-type=\"container\" data-settings=\"{&quot;jet_parallax_layout_list&quot;:[]}\">\n\t\t\t\t<div class=\"elementor-element elementor-element-7bedf51 elementor-widget elementor-widget-heading\" data-id=\"7bedf51\" data-element_type=\"widget\" data-e-type=\"widget\" data-widget_type=\"heading.default\">\n\t\t\t\t\t<h2 class=\"elementor-heading-title elementor-size-default\">C\u00f3mo moverte<\/h2>\t\t\t\t<\/div>\n\t\t\t\t<div class=\"elementor-element elementor-element-15d8a3c elementor-widget elementor-widget-text-editor\" data-id=\"15d8a3c\" data-element_type=\"widget\" data-e-type=\"widget\" data-widget_type=\"text-editor.default\">\n\t\t\t\t\t\t\t\t\t<div style=\"line-height: 1.6\">\n<h3 style=\"margin-bottom: 15px\">\ud83d\ude8c Autobuses urbanos<\/h3>\n<p style=\"margin-bottom: 8px\">Alcalabus<\/p>\n<p style=\"margin-bottom: 20px\">\ud83d\udcde 91 888 00 49<br \/>\n<a style=\"color: #ca2a24;font-weight: 600;text-decoration: none\" href=\"http:\/\/www.autobusesdealcala.com\" target=\"_blank\" rel=\"noopener\"><br \/>\nwww.autobusesdealcala.com<br \/>\n<\/a><\/p>\n<h3 style=\"margin: 25px 0 15px 0\">\ud83d\ude96 Taxi<\/h3>\n<p style=\"margin-bottom: 8px\">Alcal\u00e1 Radio Taxi<\/p>\n<p style=\"margin-bottom: 12px\">\ud83d\udcde 91 882 21 88 \/ 91 882 21 79<\/p>\n<p style=\"margin-bottom: 20px\"><a style=\"color: #ca2a24;font-weight: 600;text-decoration: none\" href=\"http:\/\/www.alcalaradiotaxi.com\" target=\"_blank\" rel=\"noopener\"><br \/>\nwww.alcalaradiotaxi.com<br \/>\n<\/a><\/p>\n<h3 style=\"margin: 25px 0 15px 0\">\ud83c\udd7f\ufe0f D\u00f3nde aparcar<\/h3>\n<h4 style=\"margin: 15px 0 8px 0\">Aparcamientos municipales<\/h4>\n<p style=\"margin-bottom: 12px\"><strong>Aparcamiento La Paloma.<\/strong> C\/ Santo Tom\u00e1s de Aquino, 8<br \/>\n<strong>Aparcamiento El Mercado.<\/strong> C\/ Cerrajeros, s\/n<br \/>\n<strong>Aparcamiento San Lucas.<\/strong> V\u00eda Complutense, 32<br \/>\n<strong>Aparcamiento Talamanca.<\/strong> C\/ \u00c1ngel 4<\/p>\n<h4 style=\"margin: 15px 0 8px 0\">Aparcamientos P\u00fablicos en superficie gratuitos<\/h4>\n<p style=\"margin-bottom: 12px\"><strong>Aparcamiento Eras del Silo.<\/strong> C\/ Parque. Acceso por C\/ Torrelaguna y tambi\u00e9n por C\/ Infancia.<br \/>\n<strong>Aparcamiento Pico del Obispo.<\/strong> C\/ Cardenal Sandoval y Rojas. Acceso por Puerta de Madrid.<br \/>\n<strong>Aparcamiento C\/ Jim\u00e9nez de Quesada.<\/strong> Tambi\u00e9n acceso por el Camino del Juncal y Reyes Cat\u00f3licos.<br \/>\n<strong>Aparcamiento Auditorio Municipal.<\/strong> C\/ Nuestra Se\u00f1ora del Pilar s\/n. Tambi\u00e9n acceso por Avenida de Roma y Ronda Fiscal.<br \/>\n<strong>Aparcamiento frente a la antigua f\u00e1brica de GAL.<\/strong><br \/>\n<strong>Aparcamiento parcela situada en c\/ Luis Vives.<\/strong><br \/>\n<strong>Aparcamiento del antiguo recinto ferial.<\/strong><\/p>\n<\/div>\n\t\t\t\t\t\t\t\t<\/div>\n\t\t\t\t<\/div>\n\t\t\t\t\t<\/div>\n\t\t\t\t<\/div>\n\t\t\t\t<\/div>\n\t\t","protected":false},"excerpt":{"rendered":"<p>C\u00f3mo llegar<\/p>\n","protected":false},"author":1,"featured_media":0,"parent":0,"menu_order":24,"comment_status":"closed","ping_status":"closed","template":"","meta":{"footnotes":""},"class_list":["post-1840","page","type-page","status-publish","hentry"],"yoast_head":"<!-- This site is optimized with the Yoast SEO plugin v27.4 - https:\/\/yoast.com\/product\/yoast-seo-wordpress\/ -->\n<title>D\u00f3nde estamos - Festival de Teatro Cl\u00e1sicos en Alcal\u00e1 2026<\/title>\n<meta name=\"robots\" content=\"index, follow, max-snippet:-1, max-image-preview:large, max-video-preview:-1\" \/>\n<link rel=\"canonical\" href=\"https:\/\/www.clasicosenalcala.net\/2026\/informacion-practica\/\" \/>\n<meta property=\"og:locale\" content=\"es_ES\" \/>\n<meta property=\"og:type\" content=\"article\" \/>\n<meta property=\"og:title\" content=\"D\u00f3nde estamos - Festival de Teatro Cl\u00e1sicos en Alcal\u00e1 2026\" \/>\n<meta property=\"og:description\" content=\"C\u00f3mo llegar\" \/>\n<meta property=\"og:url\" content=\"https:\/\/www.clasicosenalcala.net\/2026\/informacion-practica\/\" \/>\n<meta property=\"og:site_name\" content=\"Festival de Teatro Cl\u00e1sicos en Alcal\u00e1 2026\" \/>\n<meta property=\"article:publisher\" content=\"http:\/\/www.facebook.com\/pages\/Clsicos-en-Alcal\/117666598263772\" \/>\n<meta property=\"article:modified_time\" content=\"2026-04-06T15:14:06+00:00\" \/>\n<meta name=\"twitter:card\" content=\"summary_large_image\" \/>\n<meta name=\"twitter:site\" content=\"@ClasicosAlcala\" \/>\n<script type=\"application\/ld+json\" class=\"yoast-schema-graph\">{\"@context\":\"https:\\\/\\\/schema.org\",\"@graph\":[{\"@type\":\"WebPage\",\"@id\":\"https:\\\/\\\/www.clasicosenalcala.net\\\/2026\\\/informacion-practica\\\/\",\"url\":\"https:\\\/\\\/www.clasicosenalcala.net\\\/2026\\\/informacion-practica\\\/\",\"name\":\"D\u00f3nde estamos - Festival de Teatro Cl\u00e1sicos en Alcal\u00e1 2026\",\"isPartOf\":{\"@id\":\"https:\\\/\\\/www.clasicosenalcala.net\\\/2026\\\/#website\"},\"datePublished\":\"2026-04-06T14:36:38+00:00\",\"dateModified\":\"2026-04-06T15:14:06+00:00\",\"breadcrumb\":{\"@id\":\"https:\\\/\\\/www.clasicosenalcala.net\\\/2026\\\/informacion-practica\\\/#breadcrumb\"},\"inLanguage\":\"es\",\"potentialAction\":[{\"@type\":\"ReadAction\",\"target\":[\"https:\\\/\\\/www.clasicosenalcala.net\\\/2026\\\/informacion-practica\\\/\"]}]},{\"@type\":\"BreadcrumbList\",\"@id\":\"https:\\\/\\\/www.clasicosenalcala.net\\\/2026\\\/informacion-practica\\\/#breadcrumb\",\"itemListElement\":[{\"@type\":\"ListItem\",\"position\":1,\"name\":\"Portada\",\"item\":\"https:\\\/\\\/www.clasicosenalcala.net\\\/2026\\\/\"},{\"@type\":\"ListItem\",\"position\":2,\"name\":\"D\u00f3nde estamos\"}]},{\"@type\":\"WebSite\",\"@id\":\"https:\\\/\\\/www.clasicosenalcala.net\\\/2026\\\/#website\",\"url\":\"https:\\\/\\\/www.clasicosenalcala.net\\\/2026\\\/\",\"name\":\"Festival Hispanoamericano del Siglo de Oro. XXV edici\u00f3n\",\"description\":\"\",\"publisher\":{\"@id\":\"https:\\\/\\\/www.clasicosenalcala.net\\\/2026\\\/#organization\"},\"potentialAction\":[{\"@type\":\"SearchAction\",\"target\":{\"@type\":\"EntryPoint\",\"urlTemplate\":\"https:\\\/\\\/www.clasicosenalcala.net\\\/2026\\\/?s={search_term_string}\"},\"query-input\":{\"@type\":\"PropertyValueSpecification\",\"valueRequired\":true,\"valueName\":\"search_term_string\"}}],\"inLanguage\":\"es\"},{\"@type\":\"Organization\",\"@id\":\"https:\\\/\\\/www.clasicosenalcala.net\\\/2026\\\/#organization\",\"name\":\"Festival Hispanoamericano del Siglo de Oro.\",\"url\":\"https:\\\/\\\/www.clasicosenalcala.net\\\/2026\\\/\",\"logo\":{\"@type\":\"ImageObject\",\"inLanguage\":\"es\",\"@id\":\"https:\\\/\\\/www.clasicosenalcala.net\\\/2026\\\/#\\\/schema\\\/logo\\\/image\\\/\",\"url\":\"https:\\\/\\\/www.clasicosenalcala.net\\\/2026\\\/wp-content\\\/uploads\\\/2026\\\/03\\\/cropped-favicon@600x-8.png\",\"contentUrl\":\"https:\\\/\\\/www.clasicosenalcala.net\\\/2026\\\/wp-content\\\/uploads\\\/2026\\\/03\\\/cropped-favicon@600x-8.png\",\"width\":512,\"height\":512,\"caption\":\"Festival Hispanoamericano del Siglo de Oro.\"},\"image\":{\"@id\":\"https:\\\/\\\/www.clasicosenalcala.net\\\/2026\\\/#\\\/schema\\\/logo\\\/image\\\/\"},\"sameAs\":[\"http:\\\/\\\/www.facebook.com\\\/pages\\\/Clsicos-en-Alcal\\\/117666598263772\",\"https:\\\/\\\/x.com\\\/ClasicosAlcala\",\"https:\\\/\\\/www.instagram.com\\\/clasicosalcala\\\/\"]}]}<\/script>\n<!-- \/ Yoast SEO plugin. -->","yoast_head_json":{"title":"D\u00f3nde estamos - Festival de Teatro Cl\u00e1sicos en Alcal\u00e1 2026","robots":{"index":"index","follow":"follow","max-snippet":"max-snippet:-1","max-image-preview":"max-image-preview:large","max-video-preview":"max-video-preview:-1"},"canonical":"https:\/\/www.clasicosenalcala.net\/2026\/informacion-practica\/","og_locale":"es_ES","og_type":"article","og_title":"D\u00f3nde estamos - Festival de Teatro Cl\u00e1sicos en Alcal\u00e1 2026","og_description":"C\u00f3mo llegar","og_url":"https:\/\/www.clasicosenalcala.net\/2026\/informacion-practica\/","og_site_name":"Festival de Teatro Cl\u00e1sicos en Alcal\u00e1 2026","article_publisher":"http:\/\/www.facebook.com\/pages\/Clsicos-en-Alcal\/117666598263772","article_modified_time":"2026-04-06T15:14:06+00:00","twitter_card":"summary_large_image","twitter_site":"@ClasicosAlcala","schema":{"@context":"https:\/\/schema.org","@graph":[{"@type":"WebPage","@id":"https:\/\/www.clasicosenalcala.net\/2026\/informacion-practica\/","url":"https:\/\/www.clasicosenalcala.net\/2026\/informacion-practica\/","name":"D\u00f3nde estamos - Festival de Teatro Cl\u00e1sicos en Alcal\u00e1 2026","isPartOf":{"@id":"https:\/\/www.clasicosenalcala.net\/2026\/#website"},"datePublished":"2026-04-06T14:36:38+00:00","dateModified":"2026-04-06T15:14:06+00:00","breadcrumb":{"@id":"https:\/\/www.clasicosenalcala.net\/2026\/informacion-practica\/#breadcrumb"},"inLanguage":"es","potentialAction":[{"@type":"ReadAction","target":["https:\/\/www.clasicosenalcala.net\/2026\/informacion-practica\/"]}]},{"@type":"BreadcrumbList","@id":"https:\/\/www.clasicosenalcala.net\/2026\/informacion-practica\/#breadcrumb","itemListElement":[{"@type":"ListItem","position":1,"name":"Portada","item":"https:\/\/www.clasicosenalcala.net\/2026\/"},{"@type":"ListItem","position":2,"name":"D\u00f3nde estamos"}]},{"@type":"WebSite","@id":"https:\/\/www.clasicosenalcala.net\/2026\/#website","url":"https:\/\/www.clasicosenalcala.net\/2026\/","name":"Festival Hispanoamericano del Siglo de Oro. XXV edici\u00f3n","description":"","publisher":{"@id":"https:\/\/www.clasicosenalcala.net\/2026\/#organization"},"potentialAction":[{"@type":"SearchAction","target":{"@type":"EntryPoint","urlTemplate":"https:\/\/www.clasicosenalcala.net\/2026\/?s={search_term_string}"},"query-input":{"@type":"PropertyValueSpecification","valueRequired":true,"valueName":"search_term_string"}}],"inLanguage":"es"},{"@type":"Organization","@id":"https:\/\/www.clasicosenalcala.net\/2026\/#organization","name":"Festival Hispanoamericano del Siglo de Oro.","url":"https:\/\/www.clasicosenalcala.net\/2026\/","logo":{"@type":"ImageObject","inLanguage":"es","@id":"https:\/\/www.clasicosenalcala.net\/2026\/#\/schema\/logo\/image\/","url":"https:\/\/www.clasicosenalcala.net\/2026\/wp-content\/uploads\/2026\/03\/cropped-favicon@600x-8.png","contentUrl":"https:\/\/www.clasicosenalcala.net\/2026\/wp-content\/uploads\/2026\/03\/cropped-favicon@600x-8.png","width":512,"height":512,"caption":"Festival Hispanoamericano del Siglo de Oro."},"image":{"@id":"https:\/\/www.clasicosenalcala.net\/2026\/#\/schema\/logo\/image\/"},"sameAs":["http:\/\/www.facebook.com\/pages\/Clsicos-en-Alcal\/117666598263772","https:\/\/x.com\/ClasicosAlcala","https:\/\/www.instagram.com\/clasicosalcala\/"]}]}},"_links":{"self":[{"href":"https:\/\/www.clasicosenalcala.net\/2026\/wp-json\/wp\/v2\/pages\/1840","targetHints":{"allow":["GET"]}}],"collection":[{"href":"https:\/\/www.clasicosenalcala.net\/2026\/wp-json\/wp\/v2\/pages"}],"about":[{"href":"https:\/\/www.clasicosenalcala.net\/2026\/wp-json\/wp\/v2\/types\/page"}],"author":[{"embeddable":true,"href":"https:\/\/www.clasicosenalcala.net\/2026\/wp-json\/wp\/v2\/users\/1"}],"replies":[{"embeddable":true,"href":"https:\/\/www.clasicosenalcala.net\/2026\/wp-json\/wp\/v2\/comments?post=1840"}],"version-history":[{"count":28,"href":"https:\/\/www.clasicosenalcala.net\/2026\/wp-json\/wp\/v2\/pages\/1840\/revisions"}],"predecessor-version":[{"id":1871,"href":"https:\/\/www.clasicosenalcala.net\/2026\/wp-json\/wp\/v2\/pages\/1840\/revisions\/1871"}],"wp:attachment":[{"href":"https:\/\/www.clasicosenalcala.net\/2026\/wp-json\/wp\/v2\/media?parent=1840"}],"curies":[{"name":"wp","href":"https:\/\/api.w.org\/{rel}","templated":true}]}}