{"id":1872,"date":"2026-04-06T17:17:22","date_gmt":"2026-04-06T15:17:22","guid":{"rendered":"https:\/\/www.clasicosenalcala.net\/2026\/?page_id=1872"},"modified":"2026-04-06T17:53:50","modified_gmt":"2026-04-06T15:53:50","slug":"faqs","status":"publish","type":"page","link":"https:\/\/www.clasicosenalcala.net\/2026\/faqs\/","title":{"rendered":"FAQ&#8217;S"},"content":{"rendered":"\t\t<div data-elementor-type=\"wp-page\" data-elementor-id=\"1872\" class=\"elementor elementor-1872\" data-elementor-post-type=\"page\">\n\t\t\t\t<div class=\"elementor-element elementor-element-703325c e-flex e-con-boxed e-con e-parent\" data-id=\"703325c\" data-element_type=\"container\" data-e-type=\"container\" data-settings=\"{&quot;jet_parallax_layout_list&quot;:[]}\">\n\t\t\t\t\t<div class=\"e-con-inner\">\n\t\t\t\t<div class=\"elementor-element elementor-element-d69cf3d elementor-widget elementor-widget-n-accordion\" data-id=\"d69cf3d\" data-element_type=\"widget\" data-e-type=\"widget\" data-settings=\"{&quot;default_state&quot;:&quot;all_collapsed&quot;,&quot;max_items_expended&quot;:&quot;one&quot;,&quot;n_accordion_animation_duration&quot;:{&quot;unit&quot;:&quot;ms&quot;,&quot;size&quot;:400,&quot;sizes&quot;:[]}}\" data-widget_type=\"nested-accordion.default\">\n\t\t\t\t\t\t\t<div class=\"e-n-accordion\" aria-label=\"Accordion. Open links with Enter or Space, close with Escape, and navigate with Arrow Keys\">\n\t\t\t\t\t\t<details id=\"e-n-accordion-item-2250\" class=\"e-n-accordion-item\" >\n\t\t\t\t<summary class=\"e-n-accordion-item-title\" data-accordion-index=\"1\" tabindex=\"0\" aria-expanded=\"false\" aria-controls=\"e-n-accordion-item-2250\" >\n\t\t\t\t\t<span class='e-n-accordion-item-title-header'><div class=\"e-n-accordion-item-title-text\"> \u00bfCu\u00e1ndo se celebra el Festival Hispanoamericano del Siglo de Oro de la Comunidad de Madrid. Cl\u00e1sicos en Alcal\u00e1? <\/div><\/span>\n\t\t\t\t\t\t\t\t\t<\/summary>\n\t\t\t\t<div role=\"region\" aria-labelledby=\"e-n-accordion-item-2250\" class=\"elementor-element elementor-element-4f3355d e-con-full e-flex e-con e-child\" data-id=\"4f3355d\" data-element_type=\"container\" data-e-type=\"container\" data-settings=\"{&quot;jet_parallax_layout_list&quot;:[]}\">\n\t\t\t\t<div class=\"elementor-element elementor-element-1d100b1 elementor-widget elementor-widget-text-editor\" data-id=\"1d100b1\" data-element_type=\"widget\" data-e-type=\"widget\" data-widget_type=\"text-editor.default\">\n\t\t\t\t\t\t\t\t\t<p>Este festival se celebra cada a\u00f1o, normalmente a partir del mes de junio. Abre la veda de la temporada de festivales veraniegos de teatro, que tienen lugar en distintos puntos de Espa\u00f1a.<\/p>\n\t\t\t\t\t\t\t\t<\/div>\n\t\t\t\t<\/div>\n\t\t\t\t\t<\/details>\n\t\t\t\t\t\t<details id=\"e-n-accordion-item-2251\" class=\"e-n-accordion-item\" >\n\t\t\t\t<summary class=\"e-n-accordion-item-title\" data-accordion-index=\"2\" tabindex=\"-1\" aria-expanded=\"false\" aria-controls=\"e-n-accordion-item-2251\" >\n\t\t\t\t\t<span class='e-n-accordion-item-title-header'><div class=\"e-n-accordion-item-title-text\"> \u00bfSe celebra siempre en los mismos espacios? <\/div><\/span>\n\t\t\t\t\t\t\t\t\t<\/summary>\n\t\t\t\t<div role=\"region\" aria-labelledby=\"e-n-accordion-item-2251\" class=\"elementor-element elementor-element-79b52c2 e-con-full e-flex e-con e-child\" data-id=\"79b52c2\" data-element_type=\"container\" data-e-type=\"container\" data-settings=\"{&quot;jet_parallax_layout_list&quot;:[]}\">\n\t\t\t\t<div class=\"elementor-element elementor-element-afd3ac3 elementor-widget elementor-widget-text-editor\" data-id=\"afd3ac3\" data-element_type=\"widget\" data-e-type=\"widget\" data-widget_type=\"text-editor.default\">\n\t\t\t\t\t\t\t\t\t<p>No. Cada a\u00f1o se elabora una programaci\u00f3n diferente con distintos espect\u00e1culos y actividades, pensados para ubicaciones muy concretas. S\u00ed suele haber funciones del festival en los dos teatros principales de Alcal\u00e1 de Henares: el Corral de Comedias y el Teatro Sal\u00f3n Cervantes.<\/p>\n\t\t\t\t\t\t\t\t<\/div>\n\t\t\t\t<\/div>\n\t\t\t\t\t<\/details>\n\t\t\t\t\t\t<details id=\"e-n-accordion-item-2252\" class=\"e-n-accordion-item\" >\n\t\t\t\t<summary class=\"e-n-accordion-item-title\" data-accordion-index=\"3\" tabindex=\"-1\" aria-expanded=\"false\" aria-controls=\"e-n-accordion-item-2252\" >\n\t\t\t\t\t<span class='e-n-accordion-item-title-header'><div class=\"e-n-accordion-item-title-text\"> \u00bfEs este un festival para todos los p\u00fablicos? <\/div><\/span>\n\t\t\t\t\t\t\t\t\t<\/summary>\n\t\t\t\t<div role=\"region\" aria-labelledby=\"e-n-accordion-item-2252\" class=\"elementor-element elementor-element-d819f57 e-con-full e-flex e-con e-child\" data-id=\"d819f57\" data-element_type=\"container\" data-e-type=\"container\" data-settings=\"{&quot;jet_parallax_layout_list&quot;:[]}\">\n\t\t\t\t<div class=\"elementor-element elementor-element-d3513f6 elementor-widget elementor-widget-text-editor\" data-id=\"d3513f6\" data-element_type=\"widget\" data-e-type=\"widget\" data-widget_type=\"text-editor.default\">\n\t\t\t\t\t\t\t\t\t<p>Por supuesto. No solo por las obras que acoge sino tambi\u00e9n por sus actividades paralelas. No obstante, cada espect\u00e1culo del festival tiene su propia recomendaci\u00f3n de edad.<\/p>\n\t\t\t\t\t\t\t\t<\/div>\n\t\t\t\t<\/div>\n\t\t\t\t\t<\/details>\n\t\t\t\t\t\t<details id=\"e-n-accordion-item-2253\" class=\"e-n-accordion-item\" >\n\t\t\t\t<summary class=\"e-n-accordion-item-title\" data-accordion-index=\"4\" tabindex=\"-1\" aria-expanded=\"false\" aria-controls=\"e-n-accordion-item-2253\" >\n\t\t\t\t\t<span class='e-n-accordion-item-title-header'><div class=\"e-n-accordion-item-title-text\"> \u00bfQu\u00e9 es el Premio Fuente de Castalia? <\/div><\/span>\n\t\t\t\t\t\t\t\t\t<\/summary>\n\t\t\t\t<div role=\"region\" aria-labelledby=\"e-n-accordion-item-2253\" class=\"elementor-element elementor-element-5ca8a6f e-con-full e-flex e-con e-child\" data-id=\"5ca8a6f\" data-element_type=\"container\" data-e-type=\"container\" data-settings=\"{&quot;jet_parallax_layout_list&quot;:[]}\">\n\t\t\t\t<div class=\"elementor-element elementor-element-22d70a3 elementor-widget elementor-widget-text-editor\" data-id=\"22d70a3\" data-element_type=\"widget\" data-e-type=\"widget\" data-widget_type=\"text-editor.default\">\n\t\t\t\t\t\t\t\t\t<p>La Fuente de Castalia es un lugar de leyenda ubicado en Delfos (Grecia). Se cuenta que brotaba de ella un agua muy especial que nutr\u00eda de inspiraci\u00f3n a los poetas, y tambi\u00e9n bautiza el premio que, desde su edici\u00f3n de 2006, concede cada a\u00f1o Cl\u00e1sicos en Alcal\u00e1, para reconocer a personas o instituciones que hayan destacado en las artes esc\u00e9nicas y se hayan dedicado a los cl\u00e1sicos. Entre otros artistas, han recibido este galard\u00f3n Nuria Espert, Miguel Narros, Blanca Portillo o Declan Donnellan.<\/p>\n\t\t\t\t\t\t\t\t<\/div>\n\t\t\t\t<\/div>\n\t\t\t\t\t<\/details>\n\t\t\t\t\t\t<details id=\"e-n-accordion-item-2254\" class=\"e-n-accordion-item\" >\n\t\t\t\t<summary class=\"e-n-accordion-item-title\" data-accordion-index=\"5\" tabindex=\"-1\" aria-expanded=\"false\" aria-controls=\"e-n-accordion-item-2254\" >\n\t\t\t\t\t<span class='e-n-accordion-item-title-header'><div class=\"e-n-accordion-item-title-text\"> Soy una compa\u00f1\u00eda y tengo un proyecto que creo que podr\u00eda encajar en el festival. \u00bfA qui\u00e9n le puedo enviar la informaci\u00f3n? <\/div><\/span>\n\t\t\t\t\t\t\t\t\t<\/summary>\n\t\t\t\t<div role=\"region\" aria-labelledby=\"e-n-accordion-item-2254\" class=\"elementor-element elementor-element-c4f1c88 e-con-full e-flex e-con e-child\" data-id=\"c4f1c88\" data-element_type=\"container\" data-e-type=\"container\" data-settings=\"{&quot;jet_parallax_layout_list&quot;:[]}\">\n\t\t\t\t<div class=\"elementor-element elementor-element-8510126 elementor-widget elementor-widget-text-editor\" data-id=\"8510126\" data-element_type=\"widget\" data-e-type=\"widget\" data-widget_type=\"text-editor.default\">\n\t\t\t\t\t\t\t\t\t<p>En los meses previos al festival se abre un periodo de recepci\u00f3n de propuestas en esta misma p\u00e1gina web.<\/p>\n\t\t\t\t\t\t\t\t<\/div>\n\t\t\t\t<\/div>\n\t\t\t\t\t<\/details>\n\t\t\t\t\t\t<details id=\"e-n-accordion-item-2255\" class=\"e-n-accordion-item\" >\n\t\t\t\t<summary class=\"e-n-accordion-item-title\" data-accordion-index=\"6\" tabindex=\"-1\" aria-expanded=\"false\" aria-controls=\"e-n-accordion-item-2255\" >\n\t\t\t\t\t<span class='e-n-accordion-item-title-header'><div class=\"e-n-accordion-item-title-text\"> \u00bfD\u00f3nde se compran las entradas del festival? <\/div><\/span>\n\t\t\t\t\t\t\t\t\t<\/summary>\n\t\t\t\t<div role=\"region\" aria-labelledby=\"e-n-accordion-item-2255\" class=\"elementor-element elementor-element-812681e e-con-full e-flex e-con e-child\" data-id=\"812681e\" data-element_type=\"container\" data-e-type=\"container\" data-settings=\"{&quot;jet_parallax_layout_list&quot;:[]}\">\n\t\t\t\t<div class=\"elementor-element elementor-element-0e7a074 elementor-widget elementor-widget-text-editor\" data-id=\"0e7a074\" data-element_type=\"widget\" data-e-type=\"widget\" data-widget_type=\"text-editor.default\">\n\t\t\t\t\t\t\t\t\t<p>Cada edici\u00f3n del festival tiene su propio sistema de venta de entradas. No obstante, en esta misma web se anunciar\u00e1, en su secci\u00f3n espec\u00edfica, el canal que corresponda en cada ocasi\u00f3n.<\/p>\n\t\t\t\t\t\t\t\t<\/div>\n\t\t\t\t<\/div>\n\t\t\t\t\t<\/details>\n\t\t\t\t\t\t<details id=\"e-n-accordion-item-2256\" class=\"e-n-accordion-item\" >\n\t\t\t\t<summary class=\"e-n-accordion-item-title\" data-accordion-index=\"7\" tabindex=\"-1\" aria-expanded=\"false\" aria-controls=\"e-n-accordion-item-2256\" >\n\t\t\t\t\t<span class='e-n-accordion-item-title-header'><div class=\"e-n-accordion-item-title-text\"> Aprovechando que voy al festival voy a pasar unos d\u00edas en Alcal\u00e1 de Henares. \u00bfD\u00f3nde puedo consultar recomendaciones para dormir y comer? <\/div><\/span>\n\t\t\t\t\t\t\t\t\t<\/summary>\n\t\t\t\t<div role=\"region\" aria-labelledby=\"e-n-accordion-item-2256\" class=\"elementor-element elementor-element-66081b2 e-con-full e-flex e-con e-child\" data-id=\"66081b2\" data-element_type=\"container\" data-e-type=\"container\" data-settings=\"{&quot;jet_parallax_layout_list&quot;:[]}\">\n\t\t\t\t<div class=\"elementor-element elementor-element-da6a2fd elementor-widget elementor-widget-text-editor\" data-id=\"da6a2fd\" data-element_type=\"widget\" data-e-type=\"widget\" data-widget_type=\"text-editor.default\">\n\t\t\t\t\t\t\t\t\t<p>En la p\u00e1gina web de Turismo Alcal\u00e1 se ofrece un ampl\u00edsimo elenco de establecimientos hosteleros de esta ciudad Patrimonio de la Humanidad. Son muchos y muy buenos:\u00a0<a style=\"color: #ca2a24;font-weight: 600;text-decoration: none\" title=\"Este enlace se abrir\u00e1 en una ventana nueva\" href=\"https:\/\/www.turismoalcala.es\/\" target=\"_bank\">www.turismoalcala.es\/<\/a><\/p>\n\t\t\t\t\t\t\t\t<\/div>\n\t\t\t\t<\/div>\n\t\t\t\t\t<\/details>\n\t\t\t\t\t\t<details id=\"e-n-accordion-item-2257\" class=\"e-n-accordion-item\" >\n\t\t\t\t<summary class=\"e-n-accordion-item-title\" data-accordion-index=\"8\" tabindex=\"-1\" aria-expanded=\"false\" aria-controls=\"e-n-accordion-item-2257\" >\n\t\t\t\t\t<span class='e-n-accordion-item-title-header'><div class=\"e-n-accordion-item-title-text\"> \u00bfA qui\u00e9n me dirijo si quiero formular una reclamaci\u00f3n relacionada con el festival? <\/div><\/span>\n\t\t\t\t\t\t\t\t\t<\/summary>\n\t\t\t\t<div role=\"region\" aria-labelledby=\"e-n-accordion-item-2257\" class=\"elementor-element elementor-element-73ec6c1 e-con-full e-flex e-con e-child\" data-id=\"73ec6c1\" data-element_type=\"container\" data-e-type=\"container\" data-settings=\"{&quot;jet_parallax_layout_list&quot;:[]}\">\n\t\t\t\t<div class=\"elementor-element elementor-element-91d7937 elementor-widget elementor-widget-text-editor\" data-id=\"91d7937\" data-element_type=\"widget\" data-e-type=\"widget\" data-widget_type=\"text-editor.default\">\n\t\t\t\t\t\t\t\t\t<p>Si la reclamaci\u00f3n est\u00e1 relacionada con un espect\u00e1culo, se puede interponer siguiendo el canal de venta de entradas o dirigi\u00e9ndose al teatro o espacio que acoja la pieza. Si la reclamaci\u00f3n tiene que ver con el festival, se puede reclamar desde la secci\u00f3n de contacto de esta p\u00e1gina web.<\/p>\n\t\t\t\t\t\t\t\t<\/div>\n\t\t\t\t<\/div>\n\t\t\t\t\t<\/details>\n\t\t\t\t\t\t<details id=\"e-n-accordion-item-2258\" class=\"e-n-accordion-item\" >\n\t\t\t\t<summary class=\"e-n-accordion-item-title\" data-accordion-index=\"9\" tabindex=\"-1\" aria-expanded=\"false\" aria-controls=\"e-n-accordion-item-2258\" >\n\t\t\t\t\t<span class='e-n-accordion-item-title-header'><div class=\"e-n-accordion-item-title-text\"> Voy en coche al festival. \u00bfQu\u00e9 aparcamiento es el m\u00e1s cercano a los escenarios habituales? <\/div><\/span>\n\t\t\t\t\t\t\t\t\t<\/summary>\n\t\t\t\t<div role=\"region\" aria-labelledby=\"e-n-accordion-item-2258\" class=\"elementor-element elementor-element-91547d9 e-con-full e-flex e-con e-child\" data-id=\"91547d9\" data-element_type=\"container\" data-e-type=\"container\" data-settings=\"{&quot;jet_parallax_layout_list&quot;:[]}\">\n\t\t\t\t<div class=\"elementor-element elementor-element-c08bf48 elementor-widget elementor-widget-text-editor\" data-id=\"c08bf48\" data-element_type=\"widget\" data-e-type=\"widget\" data-widget_type=\"text-editor.default\">\n\t\t\t\t\t\t\t\t\t<p>Hay varios aparcamientos gratuitos desde los que se puede llegar a pie, y en poco tiempo, a cualquiera de los escenarios del festival. Por ejemplo, el aparcamiento del Pico del Obispo (en la calle Cardenal Sandoval y Rojas, acceso por Puerta de Madrid), el aparcamiento del Antiguo Recinto Ferial (en el Paseo de Aguadores) o el aparcamiento Eras del Silo (en la calle Torrelaguna). En este\u00a0<a style=\"color: #ca2a24;font-weight: 600;text-decoration: none\" title=\"Este enlace se abrir\u00e1 en una ventana nueva\" href=\"https:\/\/www.turismoalcala.es\/wp-content\/uploads\/2019\/04\/donde-aparcar-alcala-de-henares.pdf\" target=\"_bank\">enlace<\/a>\u00a0se descarga una infograf\u00eda que indica incluso la distancia entre el aparcamiento y los emplazamientos culturales m\u00e1s destacados de Alcal\u00e1.<\/p>\n\t\t\t\t\t\t\t\t<\/div>\n\t\t\t\t<\/div>\n\t\t\t\t\t<\/details>\n\t\t\t\t\t<\/div>\n\t\t\t\t\t<script type=\"application\/ld+json\">{\"@context\":\"https:\\\/\\\/schema.org\",\"@type\":\"FAQPage\",\"mainEntity\":[{\"@type\":\"Question\",\"name\":\"\\u00bfCu\\u00e1ndo se celebra el Festival Hispanoamericano del Siglo de Oro de la Comunidad de Madrid. Cl\\u00e1sicos en Alcal\\u00e1?\",\"acceptedAnswer\":{\"@type\":\"Answer\",\"text\":\"Este festival se celebra cada a\\u00f1o, normalmente a partir del mes de junio. Abre la veda de la temporada de festivales veraniegos de teatro, que tienen lugar en distintos puntos de Espa\\u00f1a.\"}},{\"@type\":\"Question\",\"name\":\"\\u00bfSe celebra siempre en los mismos espacios?\",\"acceptedAnswer\":{\"@type\":\"Answer\",\"text\":\"No. Cada a\\u00f1o se elabora una programaci\\u00f3n diferente con distintos espect\\u00e1culos y actividades, pensados para ubicaciones muy concretas. S\\u00ed suele haber funciones del festival en los dos teatros principales de Alcal\\u00e1 de Henares: el Corral de Comedias y el Teatro Sal\\u00f3n Cervantes.\"}},{\"@type\":\"Question\",\"name\":\"\\u00bfEs este un festival para todos los p\\u00fablicos?\",\"acceptedAnswer\":{\"@type\":\"Answer\",\"text\":\"Por supuesto. No solo por las obras que acoge sino tambi\\u00e9n por sus actividades paralelas. No obstante, cada espect\\u00e1culo del festival tiene su propia recomendaci\\u00f3n de edad.\"}},{\"@type\":\"Question\",\"name\":\"\\u00bfQu\\u00e9 es el Premio Fuente de Castalia?\",\"acceptedAnswer\":{\"@type\":\"Answer\",\"text\":\"La Fuente de Castalia es un lugar de leyenda ubicado en Delfos (Grecia). Se cuenta que brotaba de ella un agua muy especial que nutr\\u00eda de inspiraci\\u00f3n a los poetas, y tambi\\u00e9n bautiza el premio que, desde su edici\\u00f3n de 2006, concede cada a\\u00f1o Cl\\u00e1sicos en Alcal\\u00e1, para reconocer a personas o instituciones que hayan destacado en las artes esc\\u00e9nicas y se hayan dedicado a los cl\\u00e1sicos. Entre otros artistas, han recibido este galard\\u00f3n Nuria Espert, Miguel Narros, Blanca Portillo o Declan Donnellan.\"}},{\"@type\":\"Question\",\"name\":\"Soy una compa\\u00f1\\u00eda y tengo un proyecto que creo que podr\\u00eda encajar en el festival. \\u00bfA qui\\u00e9n le puedo enviar la informaci\\u00f3n?\",\"acceptedAnswer\":{\"@type\":\"Answer\",\"text\":\"En los meses previos al festival se abre un periodo de recepci\\u00f3n de propuestas en esta misma p\\u00e1gina web.\"}},{\"@type\":\"Question\",\"name\":\"\\u00bfD\\u00f3nde se compran las entradas del festival?\",\"acceptedAnswer\":{\"@type\":\"Answer\",\"text\":\"Cada edici\\u00f3n del festival tiene su propio sistema de venta de entradas. No obstante, en esta misma web se anunciar\\u00e1, en su secci\\u00f3n espec\\u00edfica, el canal que corresponda en cada ocasi\\u00f3n.\"}},{\"@type\":\"Question\",\"name\":\"Aprovechando que voy al festival voy a pasar unos d\\u00edas en Alcal\\u00e1 de Henares. \\u00bfD\\u00f3nde puedo consultar recomendaciones para dormir y comer?\",\"acceptedAnswer\":{\"@type\":\"Answer\",\"text\":\"En la p\\u00e1gina web de Turismo Alcal\\u00e1 se ofrece un ampl\\u00edsimo elenco de establecimientos hosteleros de esta ciudad Patrimonio de la Humanidad. Son muchos y muy buenos:\\u00a0www.turismoalcala.es\\\/\"}},{\"@type\":\"Question\",\"name\":\"\\u00bfA qui\\u00e9n me dirijo si quiero formular una reclamaci\\u00f3n relacionada con el festival?\",\"acceptedAnswer\":{\"@type\":\"Answer\",\"text\":\"Si la reclamaci\\u00f3n est\\u00e1 relacionada con un espect\\u00e1culo, se puede interponer siguiendo el canal de venta de entradas o dirigi\\u00e9ndose al teatro o espacio que acoja la pieza. Si la reclamaci\\u00f3n tiene que ver con el festival, se puede reclamar desde la secci\\u00f3n de contacto de esta p\\u00e1gina web.\"}},{\"@type\":\"Question\",\"name\":\"Voy en coche al festival. \\u00bfQu\\u00e9 aparcamiento es el m\\u00e1s cercano a los escenarios habituales?\",\"acceptedAnswer\":{\"@type\":\"Answer\",\"text\":\"Hay varios aparcamientos gratuitos desde los que se puede llegar a pie, y en poco tiempo, a cualquiera de los escenarios del festival. Por ejemplo, el aparcamiento del Pico del Obispo (en la calle Cardenal Sandoval y Rojas, acceso por Puerta de Madrid), el aparcamiento del Antiguo Recinto Ferial (en el Paseo de Aguadores) o el aparcamiento Eras del Silo (en la calle Torrelaguna). En este\\u00a0enlace\\u00a0se descarga una infograf\\u00eda que indica incluso la distancia entre el aparcamiento y los emplazamientos culturales m\\u00e1s destacados de Alcal\\u00e1.\"}}]}<\/script>\n\t\t\t\t\t\t\t<\/div>\n\t\t\t\t\t<\/div>\n\t\t\t\t<\/div>\n\t\t\t\t<\/div>\n\t\t","protected":false},"excerpt":{"rendered":"","protected":false},"author":1,"featured_media":0,"parent":0,"menu_order":25,"comment_status":"closed","ping_status":"closed","template":"","meta":{"footnotes":""},"class_list":["post-1872","page","type-page","status-publish","hentry"],"yoast_head":"<!-- This site is optimized with the Yoast SEO plugin v27.4 - https:\/\/yoast.com\/product\/yoast-seo-wordpress\/ -->\n<title>FAQ&#039;S - Festival de Teatro Cl\u00e1sicos en Alcal\u00e1 2026<\/title>\n<meta name=\"robots\" content=\"index, follow, max-snippet:-1, max-image-preview:large, max-video-preview:-1\" \/>\n<link rel=\"canonical\" href=\"https:\/\/www.clasicosenalcala.net\/2026\/faqs\/\" \/>\n<meta property=\"og:locale\" content=\"es_ES\" \/>\n<meta property=\"og:type\" content=\"article\" \/>\n<meta property=\"og:title\" content=\"FAQ&#039;S - Festival de Teatro Cl\u00e1sicos en Alcal\u00e1 2026\" \/>\n<meta property=\"og:url\" content=\"https:\/\/www.clasicosenalcala.net\/2026\/faqs\/\" \/>\n<meta property=\"og:site_name\" content=\"Festival de Teatro Cl\u00e1sicos en Alcal\u00e1 2026\" \/>\n<meta property=\"article:publisher\" content=\"http:\/\/www.facebook.com\/pages\/Clsicos-en-Alcal\/117666598263772\" \/>\n<meta property=\"article:modified_time\" content=\"2026-04-06T15:53:50+00:00\" \/>\n<meta name=\"twitter:card\" content=\"summary_large_image\" \/>\n<meta name=\"twitter:site\" content=\"@ClasicosAlcala\" \/>\n<script type=\"application\/ld+json\" class=\"yoast-schema-graph\">{\"@context\":\"https:\\\/\\\/schema.org\",\"@graph\":[{\"@type\":\"WebPage\",\"@id\":\"https:\\\/\\\/www.clasicosenalcala.net\\\/2026\\\/faqs\\\/\",\"url\":\"https:\\\/\\\/www.clasicosenalcala.net\\\/2026\\\/faqs\\\/\",\"name\":\"FAQ'S - Festival de Teatro Cl\u00e1sicos en Alcal\u00e1 2026\",\"isPartOf\":{\"@id\":\"https:\\\/\\\/www.clasicosenalcala.net\\\/2026\\\/#website\"},\"datePublished\":\"2026-04-06T15:17:22+00:00\",\"dateModified\":\"2026-04-06T15:53:50+00:00\",\"breadcrumb\":{\"@id\":\"https:\\\/\\\/www.clasicosenalcala.net\\\/2026\\\/faqs\\\/#breadcrumb\"},\"inLanguage\":\"es\",\"potentialAction\":[{\"@type\":\"ReadAction\",\"target\":[\"https:\\\/\\\/www.clasicosenalcala.net\\\/2026\\\/faqs\\\/\"]}]},{\"@type\":\"BreadcrumbList\",\"@id\":\"https:\\\/\\\/www.clasicosenalcala.net\\\/2026\\\/faqs\\\/#breadcrumb\",\"itemListElement\":[{\"@type\":\"ListItem\",\"position\":1,\"name\":\"Portada\",\"item\":\"https:\\\/\\\/www.clasicosenalcala.net\\\/2026\\\/\"},{\"@type\":\"ListItem\",\"position\":2,\"name\":\"FAQ&#8217;S\"}]},{\"@type\":\"WebSite\",\"@id\":\"https:\\\/\\\/www.clasicosenalcala.net\\\/2026\\\/#website\",\"url\":\"https:\\\/\\\/www.clasicosenalcala.net\\\/2026\\\/\",\"name\":\"Festival Hispanoamericano del Siglo de Oro. XXV edici\u00f3n\",\"description\":\"\",\"publisher\":{\"@id\":\"https:\\\/\\\/www.clasicosenalcala.net\\\/2026\\\/#organization\"},\"potentialAction\":[{\"@type\":\"SearchAction\",\"target\":{\"@type\":\"EntryPoint\",\"urlTemplate\":\"https:\\\/\\\/www.clasicosenalcala.net\\\/2026\\\/?s={search_term_string}\"},\"query-input\":{\"@type\":\"PropertyValueSpecification\",\"valueRequired\":true,\"valueName\":\"search_term_string\"}}],\"inLanguage\":\"es\"},{\"@type\":\"Organization\",\"@id\":\"https:\\\/\\\/www.clasicosenalcala.net\\\/2026\\\/#organization\",\"name\":\"Festival Hispanoamericano del Siglo de Oro.\",\"url\":\"https:\\\/\\\/www.clasicosenalcala.net\\\/2026\\\/\",\"logo\":{\"@type\":\"ImageObject\",\"inLanguage\":\"es\",\"@id\":\"https:\\\/\\\/www.clasicosenalcala.net\\\/2026\\\/#\\\/schema\\\/logo\\\/image\\\/\",\"url\":\"https:\\\/\\\/www.clasicosenalcala.net\\\/2026\\\/wp-content\\\/uploads\\\/2026\\\/03\\\/cropped-favicon@600x-8.png\",\"contentUrl\":\"https:\\\/\\\/www.clasicosenalcala.net\\\/2026\\\/wp-content\\\/uploads\\\/2026\\\/03\\\/cropped-favicon@600x-8.png\",\"width\":512,\"height\":512,\"caption\":\"Festival Hispanoamericano del Siglo de Oro.\"},\"image\":{\"@id\":\"https:\\\/\\\/www.clasicosenalcala.net\\\/2026\\\/#\\\/schema\\\/logo\\\/image\\\/\"},\"sameAs\":[\"http:\\\/\\\/www.facebook.com\\\/pages\\\/Clsicos-en-Alcal\\\/117666598263772\",\"https:\\\/\\\/x.com\\\/ClasicosAlcala\",\"https:\\\/\\\/www.instagram.com\\\/clasicosalcala\\\/\"]}]}<\/script>\n<!-- \/ Yoast SEO plugin. -->","yoast_head_json":{"title":"FAQ'S - Festival de Teatro Cl\u00e1sicos en Alcal\u00e1 2026","robots":{"index":"index","follow":"follow","max-snippet":"max-snippet:-1","max-image-preview":"max-image-preview:large","max-video-preview":"max-video-preview:-1"},"canonical":"https:\/\/www.clasicosenalcala.net\/2026\/faqs\/","og_locale":"es_ES","og_type":"article","og_title":"FAQ'S - Festival de Teatro Cl\u00e1sicos en Alcal\u00e1 2026","og_url":"https:\/\/www.clasicosenalcala.net\/2026\/faqs\/","og_site_name":"Festival de Teatro Cl\u00e1sicos en Alcal\u00e1 2026","article_publisher":"http:\/\/www.facebook.com\/pages\/Clsicos-en-Alcal\/117666598263772","article_modified_time":"2026-04-06T15:53:50+00:00","twitter_card":"summary_large_image","twitter_site":"@ClasicosAlcala","schema":{"@context":"https:\/\/schema.org","@graph":[{"@type":"WebPage","@id":"https:\/\/www.clasicosenalcala.net\/2026\/faqs\/","url":"https:\/\/www.clasicosenalcala.net\/2026\/faqs\/","name":"FAQ'S - Festival de Teatro Cl\u00e1sicos en Alcal\u00e1 2026","isPartOf":{"@id":"https:\/\/www.clasicosenalcala.net\/2026\/#website"},"datePublished":"2026-04-06T15:17:22+00:00","dateModified":"2026-04-06T15:53:50+00:00","breadcrumb":{"@id":"https:\/\/www.clasicosenalcala.net\/2026\/faqs\/#breadcrumb"},"inLanguage":"es","potentialAction":[{"@type":"ReadAction","target":["https:\/\/www.clasicosenalcala.net\/2026\/faqs\/"]}]},{"@type":"BreadcrumbList","@id":"https:\/\/www.clasicosenalcala.net\/2026\/faqs\/#breadcrumb","itemListElement":[{"@type":"ListItem","position":1,"name":"Portada","item":"https:\/\/www.clasicosenalcala.net\/2026\/"},{"@type":"ListItem","position":2,"name":"FAQ&#8217;S"}]},{"@type":"WebSite","@id":"https:\/\/www.clasicosenalcala.net\/2026\/#website","url":"https:\/\/www.clasicosenalcala.net\/2026\/","name":"Festival Hispanoamericano del Siglo de Oro. XXV edici\u00f3n","description":"","publisher":{"@id":"https:\/\/www.clasicosenalcala.net\/2026\/#organization"},"potentialAction":[{"@type":"SearchAction","target":{"@type":"EntryPoint","urlTemplate":"https:\/\/www.clasicosenalcala.net\/2026\/?s={search_term_string}"},"query-input":{"@type":"PropertyValueSpecification","valueRequired":true,"valueName":"search_term_string"}}],"inLanguage":"es"},{"@type":"Organization","@id":"https:\/\/www.clasicosenalcala.net\/2026\/#organization","name":"Festival Hispanoamericano del Siglo de Oro.","url":"https:\/\/www.clasicosenalcala.net\/2026\/","logo":{"@type":"ImageObject","inLanguage":"es","@id":"https:\/\/www.clasicosenalcala.net\/2026\/#\/schema\/logo\/image\/","url":"https:\/\/www.clasicosenalcala.net\/2026\/wp-content\/uploads\/2026\/03\/cropped-favicon@600x-8.png","contentUrl":"https:\/\/www.clasicosenalcala.net\/2026\/wp-content\/uploads\/2026\/03\/cropped-favicon@600x-8.png","width":512,"height":512,"caption":"Festival Hispanoamericano del Siglo de Oro."},"image":{"@id":"https:\/\/www.clasicosenalcala.net\/2026\/#\/schema\/logo\/image\/"},"sameAs":["http:\/\/www.facebook.com\/pages\/Clsicos-en-Alcal\/117666598263772","https:\/\/x.com\/ClasicosAlcala","https:\/\/www.instagram.com\/clasicosalcala\/"]}]}},"_links":{"self":[{"href":"https:\/\/www.clasicosenalcala.net\/2026\/wp-json\/wp\/v2\/pages\/1872","targetHints":{"allow":["GET"]}}],"collection":[{"href":"https:\/\/www.clasicosenalcala.net\/2026\/wp-json\/wp\/v2\/pages"}],"about":[{"href":"https:\/\/www.clasicosenalcala.net\/2026\/wp-json\/wp\/v2\/types\/page"}],"author":[{"embeddable":true,"href":"https:\/\/www.clasicosenalcala.net\/2026\/wp-json\/wp\/v2\/users\/1"}],"replies":[{"embeddable":true,"href":"https:\/\/www.clasicosenalcala.net\/2026\/wp-json\/wp\/v2\/comments?post=1872"}],"version-history":[{"count":22,"href":"https:\/\/www.clasicosenalcala.net\/2026\/wp-json\/wp\/v2\/pages\/1872\/revisions"}],"predecessor-version":[{"id":1898,"href":"https:\/\/www.clasicosenalcala.net\/2026\/wp-json\/wp\/v2\/pages\/1872\/revisions\/1898"}],"wp:attachment":[{"href":"https:\/\/www.clasicosenalcala.net\/2026\/wp-json\/wp\/v2\/media?parent=1872"}],"curies":[{"name":"wp","href":"https:\/\/api.w.org\/{rel}","templated":true}]}}