{"id":571,"date":"2026-03-25T12:08:49","date_gmt":"2026-03-25T11:08:49","guid":{"rendered":"https:\/\/www.clasicosenalcala.net\/2026\/?page_id=571"},"modified":"2026-04-07T10:59:35","modified_gmt":"2026-04-07T08:59:35","slug":"festival-clasicos","status":"publish","type":"page","link":"https:\/\/www.clasicosenalcala.net\/2026\/festival-clasicos\/","title":{"rendered":"El festival"},"content":{"rendered":"\t\t<div data-elementor-type=\"wp-page\" data-elementor-id=\"571\" class=\"elementor elementor-571\" data-elementor-post-type=\"page\">\n\t\t\t\t<div data-dce-background-overlay-image-url=\"https:\/\/www.clasicosenalcala.net\/2026\/wp-content\/uploads\/2026\/04\/gente-300x226.png\" class=\"elementor-element elementor-element-39452880 e-flex e-con-boxed e-con e-parent\" data-id=\"39452880\" data-element_type=\"container\" data-e-type=\"container\" data-settings=\"{&quot;jet_parallax_layout_list&quot;:[]}\">\n\t\t\t\t\t<div class=\"e-con-inner\">\n\t\t\t\t<div class=\"elementor-element elementor-element-2edf012 elementor-widget elementor-widget-text-editor\" data-id=\"2edf012\" data-element_type=\"widget\" data-e-type=\"widget\" data-widget_type=\"text-editor.default\">\n\t\t\t\t\t\t\t\t\t<p>El<strong>\u00a0Festival Hispanoamericano del Siglo de Oro de la Comunidad de Madrid. Cl\u00e1sicos en Alcal\u00e1 Celebrar\u00e1 en junio su 25 aniversario<\/strong><\/p><p>Ser\u00e1n 25 a\u00f1os de artes esc\u00e9nicas y de historias compartidas, de emoci\u00f3n, de reflexi\u00f3n y de encuentro. 25 a\u00f1os dedicados a preservar, difundir y renovar un patrimonio que forma parte esencial de nuestra historia cultural.<\/p><p>En 2001 este festival naci\u00f3 con un sue\u00f1o: acercar las artes esc\u00e9nicas a la gente, abrir un espacio para la creatividad y el di\u00e1logo, enriqueciendo la vida cultural de la Ciudad de Alcal\u00e1 de Henares.<\/p><p>Este aniversario es, ante todo, un agradecimiento: a quienes imaginaron este proyecto y lo hicieron realidad, a las compa\u00f1\u00edas, creadoras y creadores, t\u00e9cnicos y equipos que lo han sostenido con su trabajo, y a las instituciones y colaboradores que han apoyado la cultura de forma constante. Y, muy especialmente, al p\u00fablico, cuya presencia y entusiasmo dan sentido a cada representaci\u00f3n.<\/p><p>A lo largo de este tiempo, el festival se ha convertido en un punto de encuentro entre pa\u00edses, generaciones y miradas art\u00edsticas, donde los textos del Siglo de Oro dialogan con el presente y siguen emocionando al p\u00fablico. Sobre nuestros escenarios han convivido la tradici\u00f3n y la innovaci\u00f3n, demostrando que estos cl\u00e1sicos siguen vivos y vigentes.<\/p><p>Esta edici\u00f3n ser\u00e1 un homenaje al pasado, una celebraci\u00f3n del presente y una mirada ilusionada hacia el futuro. En los espacios maravillosos que nos ofrece Alcal\u00e1: Teatro Sal\u00f3n Cervantes, Corral de Comedias, Fundaci\u00f3n Antezana, Casa Natal de Cervantes, Auditorios Paco de Luc\u00eda y Gilitos, Plazas y calles\u2026 y arropados por la gran familia que somos.<\/p><p>El teatro est\u00e1 vivo, nos transforma, y seguir\u00e1 acompa\u00f1\u00e1ndonos mientras haya historias que contar y personas dispuestas a escucharlas.<\/p><p>Celebremos lo conseguido con la misma pasi\u00f3n y compromiso, convencidos de que el teatro del Siglo de Oro Hispanoamericano seguir\u00e1 siendo un espacio de encuentro, reflexi\u00f3n y emoci\u00f3n.<\/p><p>Y que sigamos llenando los escenarios de talento, las butacas de p\u00fablico y la ciudad de cultura.<\/p><p>Muchas gracias. \u00a1Feliz 25.\u00ba aniversario al Festival de Teatro!<\/p><p><strong>#celebraloscl\u00e1sicos<\/strong><\/p>\t\t\t\t\t\t\t\t<\/div>\n\t\t\t\t\t<\/div>\n\t\t\t\t<\/div>\n\t\t\t\t<\/div>\n\t\t","protected":false},"excerpt":{"rendered":"<p>El\u00a0Festival Hispanoamericano del Siglo de Oro de la Comunidad de Madrid. Cl\u00e1sicos en Alcal\u00e1 Celebrar\u00e1 en junio su 25 aniversario Ser\u00e1n 25 a\u00f1os de artes esc\u00e9nicas y de historias compartidas, de emoci\u00f3n, de reflexi\u00f3n y de encuentro. 25 a\u00f1os dedicados a preservar, difundir y renovar un patrimonio que forma parte esencial de nuestra historia cultural. [&hellip;]<\/p>\n","protected":false},"author":1,"featured_media":0,"parent":0,"menu_order":18,"comment_status":"closed","ping_status":"closed","template":"","meta":{"footnotes":""},"class_list":["post-571","page","type-page","status-publish","hentry"],"yoast_head":"<!-- This site is optimized with the Yoast SEO plugin v27.4 - https:\/\/yoast.com\/product\/yoast-seo-wordpress\/ -->\n<title>El festival - Festival de Teatro Cl\u00e1sicos en Alcal\u00e1 2026<\/title>\n<meta name=\"robots\" content=\"index, follow, max-snippet:-1, max-image-preview:large, max-video-preview:-1\" \/>\n<link rel=\"canonical\" href=\"https:\/\/www.clasicosenalcala.net\/2026\/festival-clasicos\/\" \/>\n<meta property=\"og:locale\" content=\"es_ES\" \/>\n<meta property=\"og:type\" content=\"article\" \/>\n<meta property=\"og:title\" content=\"El festival - Festival de Teatro Cl\u00e1sicos en Alcal\u00e1 2026\" \/>\n<meta property=\"og:description\" content=\"El\u00a0Festival Hispanoamericano del Siglo de Oro de la Comunidad de Madrid. Cl\u00e1sicos en Alcal\u00e1 Celebrar\u00e1 en junio su 25 aniversario Ser\u00e1n 25 a\u00f1os de artes esc\u00e9nicas y de historias compartidas, de emoci\u00f3n, de reflexi\u00f3n y de encuentro. 25 a\u00f1os dedicados a preservar, difundir y renovar un patrimonio que forma parte esencial de nuestra historia cultural. [&hellip;]\" \/>\n<meta property=\"og:url\" content=\"https:\/\/www.clasicosenalcala.net\/2026\/festival-clasicos\/\" \/>\n<meta property=\"og:site_name\" content=\"Festival de Teatro Cl\u00e1sicos en Alcal\u00e1 2026\" \/>\n<meta property=\"article:publisher\" content=\"http:\/\/www.facebook.com\/pages\/Clsicos-en-Alcal\/117666598263772\" \/>\n<meta property=\"article:modified_time\" content=\"2026-04-07T08:59:35+00:00\" \/>\n<meta name=\"twitter:card\" content=\"summary_large_image\" \/>\n<meta name=\"twitter:site\" content=\"@ClasicosAlcala\" \/>\n<meta name=\"twitter:label1\" content=\"Tiempo de lectura\" \/>\n\t<meta name=\"twitter:data1\" content=\"2 minutos\" \/>\n<script type=\"application\/ld+json\" class=\"yoast-schema-graph\">{\"@context\":\"https:\\\/\\\/schema.org\",\"@graph\":[{\"@type\":\"WebPage\",\"@id\":\"https:\\\/\\\/www.clasicosenalcala.net\\\/2026\\\/festival-clasicos\\\/\",\"url\":\"https:\\\/\\\/www.clasicosenalcala.net\\\/2026\\\/festival-clasicos\\\/\",\"name\":\"El festival - Festival de Teatro Cl\u00e1sicos en Alcal\u00e1 2026\",\"isPartOf\":{\"@id\":\"https:\\\/\\\/www.clasicosenalcala.net\\\/2026\\\/#website\"},\"datePublished\":\"2026-03-25T11:08:49+00:00\",\"dateModified\":\"2026-04-07T08:59:35+00:00\",\"breadcrumb\":{\"@id\":\"https:\\\/\\\/www.clasicosenalcala.net\\\/2026\\\/festival-clasicos\\\/#breadcrumb\"},\"inLanguage\":\"es\",\"potentialAction\":[{\"@type\":\"ReadAction\",\"target\":[\"https:\\\/\\\/www.clasicosenalcala.net\\\/2026\\\/festival-clasicos\\\/\"]}]},{\"@type\":\"BreadcrumbList\",\"@id\":\"https:\\\/\\\/www.clasicosenalcala.net\\\/2026\\\/festival-clasicos\\\/#breadcrumb\",\"itemListElement\":[{\"@type\":\"ListItem\",\"position\":1,\"name\":\"Portada\",\"item\":\"https:\\\/\\\/www.clasicosenalcala.net\\\/2026\\\/\"},{\"@type\":\"ListItem\",\"position\":2,\"name\":\"El festival\"}]},{\"@type\":\"WebSite\",\"@id\":\"https:\\\/\\\/www.clasicosenalcala.net\\\/2026\\\/#website\",\"url\":\"https:\\\/\\\/www.clasicosenalcala.net\\\/2026\\\/\",\"name\":\"Festival Hispanoamericano del Siglo de Oro. XXV edici\u00f3n\",\"description\":\"\",\"publisher\":{\"@id\":\"https:\\\/\\\/www.clasicosenalcala.net\\\/2026\\\/#organization\"},\"potentialAction\":[{\"@type\":\"SearchAction\",\"target\":{\"@type\":\"EntryPoint\",\"urlTemplate\":\"https:\\\/\\\/www.clasicosenalcala.net\\\/2026\\\/?s={search_term_string}\"},\"query-input\":{\"@type\":\"PropertyValueSpecification\",\"valueRequired\":true,\"valueName\":\"search_term_string\"}}],\"inLanguage\":\"es\"},{\"@type\":\"Organization\",\"@id\":\"https:\\\/\\\/www.clasicosenalcala.net\\\/2026\\\/#organization\",\"name\":\"Festival Hispanoamericano del Siglo de Oro.\",\"url\":\"https:\\\/\\\/www.clasicosenalcala.net\\\/2026\\\/\",\"logo\":{\"@type\":\"ImageObject\",\"inLanguage\":\"es\",\"@id\":\"https:\\\/\\\/www.clasicosenalcala.net\\\/2026\\\/#\\\/schema\\\/logo\\\/image\\\/\",\"url\":\"https:\\\/\\\/www.clasicosenalcala.net\\\/2026\\\/wp-content\\\/uploads\\\/2026\\\/03\\\/cropped-favicon@600x-8.png\",\"contentUrl\":\"https:\\\/\\\/www.clasicosenalcala.net\\\/2026\\\/wp-content\\\/uploads\\\/2026\\\/03\\\/cropped-favicon@600x-8.png\",\"width\":512,\"height\":512,\"caption\":\"Festival Hispanoamericano del Siglo de Oro.\"},\"image\":{\"@id\":\"https:\\\/\\\/www.clasicosenalcala.net\\\/2026\\\/#\\\/schema\\\/logo\\\/image\\\/\"},\"sameAs\":[\"http:\\\/\\\/www.facebook.com\\\/pages\\\/Clsicos-en-Alcal\\\/117666598263772\",\"https:\\\/\\\/x.com\\\/ClasicosAlcala\",\"https:\\\/\\\/www.instagram.com\\\/clasicosalcala\\\/\"]}]}<\/script>\n<!-- \/ Yoast SEO plugin. -->","yoast_head_json":{"title":"El festival - Festival de Teatro Cl\u00e1sicos en Alcal\u00e1 2026","robots":{"index":"index","follow":"follow","max-snippet":"max-snippet:-1","max-image-preview":"max-image-preview:large","max-video-preview":"max-video-preview:-1"},"canonical":"https:\/\/www.clasicosenalcala.net\/2026\/festival-clasicos\/","og_locale":"es_ES","og_type":"article","og_title":"El festival - Festival de Teatro Cl\u00e1sicos en Alcal\u00e1 2026","og_description":"El\u00a0Festival Hispanoamericano del Siglo de Oro de la Comunidad de Madrid. Cl\u00e1sicos en Alcal\u00e1 Celebrar\u00e1 en junio su 25 aniversario Ser\u00e1n 25 a\u00f1os de artes esc\u00e9nicas y de historias compartidas, de emoci\u00f3n, de reflexi\u00f3n y de encuentro. 25 a\u00f1os dedicados a preservar, difundir y renovar un patrimonio que forma parte esencial de nuestra historia cultural. [&hellip;]","og_url":"https:\/\/www.clasicosenalcala.net\/2026\/festival-clasicos\/","og_site_name":"Festival de Teatro Cl\u00e1sicos en Alcal\u00e1 2026","article_publisher":"http:\/\/www.facebook.com\/pages\/Clsicos-en-Alcal\/117666598263772","article_modified_time":"2026-04-07T08:59:35+00:00","twitter_card":"summary_large_image","twitter_site":"@ClasicosAlcala","twitter_misc":{"Tiempo de lectura":"2 minutos"},"schema":{"@context":"https:\/\/schema.org","@graph":[{"@type":"WebPage","@id":"https:\/\/www.clasicosenalcala.net\/2026\/festival-clasicos\/","url":"https:\/\/www.clasicosenalcala.net\/2026\/festival-clasicos\/","name":"El festival - Festival de Teatro Cl\u00e1sicos en Alcal\u00e1 2026","isPartOf":{"@id":"https:\/\/www.clasicosenalcala.net\/2026\/#website"},"datePublished":"2026-03-25T11:08:49+00:00","dateModified":"2026-04-07T08:59:35+00:00","breadcrumb":{"@id":"https:\/\/www.clasicosenalcala.net\/2026\/festival-clasicos\/#breadcrumb"},"inLanguage":"es","potentialAction":[{"@type":"ReadAction","target":["https:\/\/www.clasicosenalcala.net\/2026\/festival-clasicos\/"]}]},{"@type":"BreadcrumbList","@id":"https:\/\/www.clasicosenalcala.net\/2026\/festival-clasicos\/#breadcrumb","itemListElement":[{"@type":"ListItem","position":1,"name":"Portada","item":"https:\/\/www.clasicosenalcala.net\/2026\/"},{"@type":"ListItem","position":2,"name":"El festival"}]},{"@type":"WebSite","@id":"https:\/\/www.clasicosenalcala.net\/2026\/#website","url":"https:\/\/www.clasicosenalcala.net\/2026\/","name":"Festival Hispanoamericano del Siglo de Oro. XXV edici\u00f3n","description":"","publisher":{"@id":"https:\/\/www.clasicosenalcala.net\/2026\/#organization"},"potentialAction":[{"@type":"SearchAction","target":{"@type":"EntryPoint","urlTemplate":"https:\/\/www.clasicosenalcala.net\/2026\/?s={search_term_string}"},"query-input":{"@type":"PropertyValueSpecification","valueRequired":true,"valueName":"search_term_string"}}],"inLanguage":"es"},{"@type":"Organization","@id":"https:\/\/www.clasicosenalcala.net\/2026\/#organization","name":"Festival Hispanoamericano del Siglo de Oro.","url":"https:\/\/www.clasicosenalcala.net\/2026\/","logo":{"@type":"ImageObject","inLanguage":"es","@id":"https:\/\/www.clasicosenalcala.net\/2026\/#\/schema\/logo\/image\/","url":"https:\/\/www.clasicosenalcala.net\/2026\/wp-content\/uploads\/2026\/03\/cropped-favicon@600x-8.png","contentUrl":"https:\/\/www.clasicosenalcala.net\/2026\/wp-content\/uploads\/2026\/03\/cropped-favicon@600x-8.png","width":512,"height":512,"caption":"Festival Hispanoamericano del Siglo de Oro."},"image":{"@id":"https:\/\/www.clasicosenalcala.net\/2026\/#\/schema\/logo\/image\/"},"sameAs":["http:\/\/www.facebook.com\/pages\/Clsicos-en-Alcal\/117666598263772","https:\/\/x.com\/ClasicosAlcala","https:\/\/www.instagram.com\/clasicosalcala\/"]}]}},"_links":{"self":[{"href":"https:\/\/www.clasicosenalcala.net\/2026\/wp-json\/wp\/v2\/pages\/571","targetHints":{"allow":["GET"]}}],"collection":[{"href":"https:\/\/www.clasicosenalcala.net\/2026\/wp-json\/wp\/v2\/pages"}],"about":[{"href":"https:\/\/www.clasicosenalcala.net\/2026\/wp-json\/wp\/v2\/types\/page"}],"author":[{"embeddable":true,"href":"https:\/\/www.clasicosenalcala.net\/2026\/wp-json\/wp\/v2\/users\/1"}],"replies":[{"embeddable":true,"href":"https:\/\/www.clasicosenalcala.net\/2026\/wp-json\/wp\/v2\/comments?post=571"}],"version-history":[{"count":11,"href":"https:\/\/www.clasicosenalcala.net\/2026\/wp-json\/wp\/v2\/pages\/571\/revisions"}],"predecessor-version":[{"id":2160,"href":"https:\/\/www.clasicosenalcala.net\/2026\/wp-json\/wp\/v2\/pages\/571\/revisions\/2160"}],"wp:attachment":[{"href":"https:\/\/www.clasicosenalcala.net\/2026\/wp-json\/wp\/v2\/media?parent=571"}],"curies":[{"name":"wp","href":"https:\/\/api.w.org\/{rel}","templated":true}]}}