{"id":591,"date":"2026-03-25T12:22:35","date_gmt":"2026-03-25T11:22:35","guid":{"rendered":"https:\/\/www.clasicosenalcala.net\/2026\/?page_id=591"},"modified":"2026-04-14T13:15:52","modified_gmt":"2026-04-14T11:15:52","slug":"organizacion","status":"publish","type":"page","link":"https:\/\/www.clasicosenalcala.net\/2026\/organizacion\/","title":{"rendered":"Organizaci\u00f3n"},"content":{"rendered":"\t\t<div data-elementor-type=\"wp-page\" data-elementor-id=\"591\" class=\"elementor elementor-591\" data-elementor-post-type=\"page\">\n\t\t\t\t<div class=\"elementor-element elementor-element-91b739e e-flex e-con-boxed e-con e-parent\" data-id=\"91b739e\" data-element_type=\"container\" data-e-type=\"container\" data-settings=\"{&quot;jet_parallax_layout_list&quot;:[]}\">\n\t\t\t\t\t<div class=\"e-con-inner\">\n\t\t\t\t<div class=\"elementor-element elementor-element-e70376a elementor-widget__width-initial dce_masking-none elementor-widget elementor-widget-image\" data-id=\"e70376a\" data-element_type=\"widget\" data-e-type=\"widget\" data-widget_type=\"image.default\">\n\t\t\t\t\t\t\t\t\t\t\t\t\t\t\t<img decoding=\"async\" width=\"281\" height=\"54\" src=\"https:\/\/www.clasicosenalcala.net\/2026\/wp-content\/uploads\/2026\/03\/logo_clasicosalcala.svg\" class=\"attachment-large size-large wp-image-35\" alt=\"\" \/>\t\t\t\t\t\t\t\t\t\t\t\t\t\t\t<\/div>\n\t\t\t\t<div data-dce-title-color=\"#333333\" class=\"elementor-element elementor-element-1c5e8c6 elementor-widget__width-inherit elementor-widget elementor-widget-heading\" data-id=\"1c5e8c6\" data-element_type=\"widget\" data-e-type=\"widget\" data-widget_type=\"heading.default\">\n\t\t\t\t\t<h2 class=\"elementor-heading-title elementor-size-default\">ORGANIZADO Y PRODUCIDO POR\n<\/h2>\t\t\t\t<\/div>\n\t\t\t\t<div class=\"elementor-element elementor-element-b96a4cc dce_masking-none elementor-widget elementor-widget-image\" data-id=\"b96a4cc\" data-element_type=\"widget\" data-e-type=\"widget\" data-widget_type=\"image.default\">\n\t\t\t\t\t\t\t\t\t\t\t\t\t\t\t<img decoding=\"async\" width=\"114\" height=\"120\" src=\"https:\/\/www.clasicosenalcala.net\/2026\/wp-content\/uploads\/2026\/03\/logo-ayto-alcala.png\" class=\"attachment-large size-large wp-image-609\" alt=\"Ayuntamiento de Alcal\u00e1 de Henares\" \/>\t\t\t\t\t\t\t\t\t\t\t\t\t\t\t<\/div>\n\t\t\t\t<div class=\"elementor-element elementor-element-6a13352 dce_masking-none elementor-widget elementor-widget-image\" data-id=\"6a13352\" data-element_type=\"widget\" data-e-type=\"widget\" data-widget_type=\"image.default\">\n\t\t\t\t\t\t\t\t\t\t\t\t\t\t\t<img decoding=\"async\" width=\"107\" height=\"120\" src=\"https:\/\/www.clasicosenalcala.net\/2026\/wp-content\/uploads\/2026\/03\/logo-cam.png\" class=\"attachment-large size-large wp-image-608\" alt=\"Comunidad de Madrid\" \/>\t\t\t\t\t\t\t\t\t\t\t\t\t\t\t<\/div>\n\t\t\t\t<div data-dce-title-color=\"#333333\" class=\"elementor-element elementor-element-d25fd08 elementor-widget__width-inherit elementor-widget elementor-widget-heading\" data-id=\"d25fd08\" data-element_type=\"widget\" data-e-type=\"widget\" data-widget_type=\"heading.default\">\n\t\t\t\t\t<h3 class=\"elementor-heading-title elementor-size-default\">CON LA COLABORACI\u00d3N DE\n<\/h3>\t\t\t\t<\/div>\n\t\t\t\t<div class=\"elementor-element elementor-element-0b39f93 elementor-widget__width-initial dce_masking-none elementor-widget elementor-widget-image\" data-id=\"0b39f93\" data-element_type=\"widget\" data-e-type=\"widget\" data-widget_type=\"image.default\">\n\t\t\t\t\t\t\t\t\t\t\t\t\t\t\t<img loading=\"lazy\" decoding=\"async\" width=\"549\" height=\"150\" src=\"https:\/\/www.clasicosenalcala.net\/2026\/wp-content\/uploads\/2026\/03\/logo-teatros-canal.webp\" class=\"attachment-large size-large wp-image-631\" alt=\"Teatros del Canal\" srcset=\"https:\/\/www.clasicosenalcala.net\/2026\/wp-content\/uploads\/2026\/03\/logo-teatros-canal.webp 549w, https:\/\/www.clasicosenalcala.net\/2026\/wp-content\/uploads\/2026\/03\/logo-teatros-canal-300x82.webp 300w\" sizes=\"(max-width: 549px) 100vw, 549px\" \/>\t\t\t\t\t\t\t\t\t\t\t\t\t\t\t<\/div>\n\t\t\t\t<div class=\"elementor-element elementor-element-d79b6dd elementor-widget__width-initial dce_masking-none elementor-widget elementor-widget-image\" data-id=\"d79b6dd\" data-element_type=\"widget\" data-e-type=\"widget\" data-widget_type=\"image.default\">\n\t\t\t\t\t\t\t\t\t\t\t\t\t\t\t<img loading=\"lazy\" decoding=\"async\" width=\"312\" height=\"90\" src=\"https:\/\/www.clasicosenalcala.net\/2026\/wp-content\/uploads\/2026\/03\/logo-casa-natal-cervantes-copia.png\" class=\"attachment-large size-large wp-image-628\" alt=\"Museo Casa natal de Cervantes\" srcset=\"https:\/\/www.clasicosenalcala.net\/2026\/wp-content\/uploads\/2026\/03\/logo-casa-natal-cervantes-copia.png 312w, https:\/\/www.clasicosenalcala.net\/2026\/wp-content\/uploads\/2026\/03\/logo-casa-natal-cervantes-copia-300x87.png 300w\" sizes=\"(max-width: 312px) 100vw, 312px\" \/>\t\t\t\t\t\t\t\t\t\t\t\t\t\t\t<\/div>\n\t\t\t\t<div class=\"elementor-element elementor-element-99c7a7f elementor-widget__width-initial dce_masking-none elementor-widget elementor-widget-image\" data-id=\"99c7a7f\" data-element_type=\"widget\" data-e-type=\"widget\" data-widget_type=\"image.default\">\n\t\t\t\t\t\t\t\t\t\t\t\t\t\t\t<img loading=\"lazy\" decoding=\"async\" width=\"400\" height=\"400\" src=\"https:\/\/www.clasicosenalcala.net\/2026\/wp-content\/uploads\/2026\/03\/logo-abadia.jpg\" class=\"attachment-large size-large wp-image-627\" alt=\"Teatro de la Abad\u00eda\" srcset=\"https:\/\/www.clasicosenalcala.net\/2026\/wp-content\/uploads\/2026\/03\/logo-abadia.jpg 400w, https:\/\/www.clasicosenalcala.net\/2026\/wp-content\/uploads\/2026\/03\/logo-abadia-300x300.jpg 300w, https:\/\/www.clasicosenalcala.net\/2026\/wp-content\/uploads\/2026\/03\/logo-abadia-150x150.jpg 150w\" sizes=\"(max-width: 400px) 100vw, 400px\" \/>\t\t\t\t\t\t\t\t\t\t\t\t\t\t\t<\/div>\n\t\t\t\t<div class=\"elementor-element elementor-element-359953c elementor-widget__width-auto dce_masking-none elementor-widget elementor-widget-image\" data-id=\"359953c\" data-element_type=\"widget\" data-e-type=\"widget\" data-widget_type=\"image.default\">\n\t\t\t\t\t\t\t\t\t\t\t\t\t\t\t<img loading=\"lazy\" decoding=\"async\" width=\"235\" height=\"78\" src=\"https:\/\/www.clasicosenalcala.net\/2026\/wp-content\/uploads\/2026\/03\/logo_corral_comedias.webp\" class=\"attachment-large size-large wp-image-626\" alt=\"Corral de Comedias\" \/>\t\t\t\t\t\t\t\t\t\t\t\t\t\t\t<\/div>\n\t\t\t\t<div class=\"elementor-element elementor-element-9586a69 elementor-widget__width-auto dce_masking-none elementor-widget elementor-widget-image\" data-id=\"9586a69\" data-element_type=\"widget\" data-e-type=\"widget\" data-widget_type=\"image.default\">\n\t\t\t\t\t\t\t\t\t\t\t\t\t\t\t<img loading=\"lazy\" decoding=\"async\" width=\"400\" height=\"106\" src=\"https:\/\/www.clasicosenalcala.net\/2026\/wp-content\/uploads\/2026\/03\/LOGO-UAH.png\" class=\"attachment-large size-large wp-image-817\" alt=\"Universidad de Alcal\u00e1 de Henares\" srcset=\"https:\/\/www.clasicosenalcala.net\/2026\/wp-content\/uploads\/2026\/03\/LOGO-UAH.png 400w, https:\/\/www.clasicosenalcala.net\/2026\/wp-content\/uploads\/2026\/03\/LOGO-UAH-300x80.png 300w\" sizes=\"(max-width: 400px) 100vw, 400px\" \/>\t\t\t\t\t\t\t\t\t\t\t\t\t\t\t<\/div>\n\t\t\t\t<div class=\"elementor-element elementor-element-082e573 elementor-widget__width-auto dce_masking-none elementor-widget elementor-widget-image\" data-id=\"082e573\" data-element_type=\"widget\" data-e-type=\"widget\" data-widget_type=\"image.default\">\n\t\t\t\t\t\t\t\t\t\t\t\t\t\t\t<img loading=\"lazy\" decoding=\"async\" width=\"57\" height=\"90\" src=\"https:\/\/www.clasicosenalcala.net\/2026\/wp-content\/uploads\/2026\/03\/logo-fundacion-antezana.png\" class=\"attachment-large size-large wp-image-630\" alt=\"Fundaci\u00f3n Antezana\" \/>\t\t\t\t\t\t\t\t\t\t\t\t\t\t\t<\/div>\n\t\t\t\t<div class=\"elementor-element elementor-element-5ae1f2b elementor-widget__width-initial dce_masking-none elementor-widget elementor-widget-image\" data-id=\"5ae1f2b\" data-element_type=\"widget\" data-e-type=\"widget\" data-widget_type=\"image.default\">\n\t\t\t\t\t\t\t\t\t\t\t\t\t\t\t<img loading=\"lazy\" decoding=\"async\" width=\"497\" height=\"90\" src=\"https:\/\/www.clasicosenalcala.net\/2026\/wp-content\/uploads\/2026\/03\/logo-fundacion-sgae.png\" class=\"attachment-large size-large wp-image-825\" alt=\"Fundaci\u00f3n SGAE\" srcset=\"https:\/\/www.clasicosenalcala.net\/2026\/wp-content\/uploads\/2026\/03\/logo-fundacion-sgae.png 497w, https:\/\/www.clasicosenalcala.net\/2026\/wp-content\/uploads\/2026\/03\/logo-fundacion-sgae-300x54.png 300w\" sizes=\"(max-width: 497px) 100vw, 497px\" \/>\t\t\t\t\t\t\t\t\t\t\t\t\t\t\t<\/div>\n\t\t\t\t<div class=\"elementor-element elementor-element-778b864 elementor-widget__width-initial dce_masking-none elementor-widget elementor-widget-image\" data-id=\"778b864\" data-element_type=\"widget\" data-e-type=\"widget\" data-widget_type=\"image.default\">\n\t\t\t\t\t\t\t\t\t\t\t\t\t\t\t<img loading=\"lazy\" decoding=\"async\" width=\"164\" height=\"100\" src=\"https:\/\/www.clasicosenalcala.net\/2026\/wp-content\/uploads\/2026\/03\/logo-paradores.png\" class=\"attachment-large size-large wp-image-826\" alt=\"Paradores Nacionales\" \/>\t\t\t\t\t\t\t\t\t\t\t\t\t\t\t<\/div>\n\t\t\t\t\t<\/div>\n\t\t\t\t<\/div>\n\t\t<div class=\"elementor-element elementor-element-8fe9300 e-flex e-con-boxed e-con e-parent\" data-id=\"8fe9300\" data-element_type=\"container\" data-e-type=\"container\" data-settings=\"{&quot;jet_parallax_layout_list&quot;:[]}\">\n\t\t\t\t\t<div class=\"e-con-inner\">\n\t\t<div class=\"elementor-element elementor-element-5e152bb e-con-full e-flex e-con e-child\" data-id=\"5e152bb\" data-element_type=\"container\" data-e-type=\"container\" data-settings=\"{&quot;jet_parallax_layout_list&quot;:[]}\">\n\t\t\t\t<div data-dce-title-color=\"#333333\" class=\"elementor-element elementor-element-8e5f453 elementor-widget__width-inherit elementor-widget elementor-widget-heading\" data-id=\"8e5f453\" data-element_type=\"widget\" data-e-type=\"widget\" data-widget_type=\"heading.default\">\n\t\t\t\t\t<h3 class=\"elementor-heading-title elementor-size-default\">CONSEJER\u00cdA DE CULTURA, TURISMO Y DEPORTE DE LA COMUNIDAD DE MADRID\n<\/h3>\t\t\t\t<\/div>\n\t\t\t\t<div class=\"elementor-element elementor-element-cdc3ec7 elementor-widget elementor-widget-text-editor\" data-id=\"cdc3ec7\" data-element_type=\"widget\" data-e-type=\"widget\" data-widget_type=\"text-editor.default\">\n\t\t\t\t\t\t\t\t\t<p>Presidenta<br \/><strong>Isabel D\u00edaz Ayuso<\/strong><\/p><p>Consejero de Cultura, Turismo y Deporte<br \/><strong>Mariano de Paco Serrano<\/strong><\/p><p>Viceconsejero de Cultura, Turismo y Deporte<br \/><strong>Luis Fernando Mar\u00edn Izquierdo<\/strong><\/p><p>Director General de Cultura e Industrias Creativas<br \/><strong>Manuel Lagos Gismero<\/strong><\/p>\t\t\t\t\t\t\t\t<\/div>\n\t\t\t\t<\/div>\n\t\t<div class=\"elementor-element elementor-element-ba3f3c2 e-con-full e-flex e-con e-child\" data-id=\"ba3f3c2\" data-element_type=\"container\" data-e-type=\"container\" data-settings=\"{&quot;jet_parallax_layout_list&quot;:[]}\">\n\t\t\t\t<div data-dce-title-color=\"#333333\" class=\"elementor-element elementor-element-a87b97a elementor-widget__width-inherit elementor-widget elementor-widget-heading\" data-id=\"a87b97a\" data-element_type=\"widget\" data-e-type=\"widget\" data-widget_type=\"heading.default\">\n\t\t\t\t\t<h3 class=\"elementor-heading-title elementor-size-default\">EXCELENT\u00cdSIMO\nAYUNTAMIENTO DE ALCAL\u00c1 DE HENARES<\/h3>\t\t\t\t<\/div>\n\t\t\t\t<div class=\"elementor-element elementor-element-fa50649 elementor-widget elementor-widget-text-editor\" data-id=\"fa50649\" data-element_type=\"widget\" data-e-type=\"widget\" data-widget_type=\"text-editor.default\">\n\t\t\t\t\t\t\t\t\t<p>Alcaldesa Presidenta<br \/><strong>Judith Piquet Flores<\/strong><br \/><br \/>Concejal de Cultura<br \/><strong>Santiago Alonso Nuevo<\/strong><\/p>\t\t\t\t\t\t\t\t<\/div>\n\t\t\t\t<\/div>\n\t\t\t\t\t<\/div>\n\t\t\t\t<\/div>\n\t\t<div class=\"elementor-element elementor-element-f6abd0f e-flex e-con-boxed e-con e-parent\" data-id=\"f6abd0f\" data-element_type=\"container\" data-e-type=\"container\" data-settings=\"{&quot;jet_parallax_layout_list&quot;:[]}\">\n\t\t\t\t\t<div class=\"e-con-inner\">\n\t\t\t\t<div data-dce-title-color=\"#333333\" class=\"elementor-element elementor-element-6ea239d elementor-widget__width-inherit elementor-widget elementor-widget-heading\" data-id=\"6ea239d\" data-element_type=\"widget\" data-e-type=\"widget\" data-widget_type=\"heading.default\">\n\t\t\t\t\t<h3 class=\"elementor-heading-title elementor-size-default\">FESTIVAL HISPANOAMERICANO DEL SIGLO DE ORO DE LA COMUNIDAD DE MADRID. CL\u00c1SICOS EN ALCAL\u00c1<\/h3>\t\t\t\t<\/div>\n\t\t\t\t<div class=\"elementor-element elementor-element-7da2f3f elementor-widget elementor-widget-text-editor\" data-id=\"7da2f3f\" data-element_type=\"widget\" data-e-type=\"widget\" data-widget_type=\"text-editor.default\">\n\t\t\t\t\t\t\t\t\t<p>Direcci\u00f3n Art\u00edstica<br \/><strong>Clara P\u00e9rez<\/strong><\/p><p>Gerencia<br \/><strong>Fernando Valero<\/strong><\/p><p>Direcci\u00f3n de Producci\u00f3n<br \/><strong>Zuri\u00f1e Bri\u00f1as<\/strong><\/p><p>Direcci\u00f3n T\u00e9cnica<br \/><strong>Enrique Chueca<\/strong><\/p><p>Coordinaci\u00f3n Ayuntamiento<br \/><strong>Mar\u00eda Luisa Ropero S\u00e1nchez<\/strong><\/p><p>Coordinaci\u00f3n gr\u00e1fica<br \/><strong>Yolanda S\u00e1nchez Pinedo<\/strong><\/p><p>Encargado de Infraestructuras<br \/><strong>Antonio Gismero<\/strong><\/p><p>Jefe de Secci\u00f3n Audiovisuales<br \/><strong>Luis Mariano Gonz\u00e1lez<\/strong><\/p><p>Jefe T\u00e9cnico Teatro Sal\u00f3n Cervantes<br \/><strong>Ricardo Pe\u00f1a<\/strong><\/p><p>Jefe T\u00e9cnico Corral de Comedias<br \/><strong>Alejandro de Torres<\/strong><br \/><strong>Bela Nagy<\/strong><\/p><p>Jefe T\u00e9cnico Iluminaci\u00f3n<br \/><strong>\u00d3scar Sainz<\/strong><\/p><p>Jefe T\u00e9cnico Sonido y Audiovisual<br \/><strong>\u00d3scar Lanckmans<\/strong><\/p><p>Coordinadora Espacio Gilitos<br \/><strong>Raquel L\u00f3pez Mu\u00f1oz<\/strong><\/p><p>Relaci\u00f3n con compa\u00f1\u00edas<br \/><strong>Gema Roll\u00f3n Blanco<\/strong><\/p><p>Sastrer\u00eda<br \/><strong>Gracia Collado y Cristina Collado<\/strong><\/p><p>Programa de nuevos P\u00fablicos<br \/><strong>Luis Carlos Molina<\/strong><\/p><p>Dise\u00f1o de cartel<br \/><strong>Carlos Malpartida<\/strong><\/p><p>Web<br \/><strong>Ender &#8211; Factor\u00eda de Software<\/strong><\/p><p>\u00a0<\/p><p>Comunicaci\u00f3n, redes sociales, edici\u00f3n y gesti\u00f3n de contenido web<br \/><strong>Plot Comunicaci\u00f3n: Marina de la Cruz\u00a0 y Cristina Mart\u00ednez <\/strong><\/p><p><strong>\u00a0<\/strong><\/p><p>Prensa<\/p><p><strong>Manuel Benito <\/strong><\/p><p>\u00a0<\/p><p>Actividades acad\u00e9micas<br \/>ACADEMIA DE ESPECTADORES<br \/><strong>Juana Escabias. Patrocina Fundaci\u00f3n SGAE<\/strong><\/p><p>XIX JORNADAS ADGAE DE LA GESTI\u00d3N DEL ARTE<br \/><strong>Asociaci\u00f3n de Empresas de Distribuci\u00f3n y Gesti\u00f3n de las Artes Esc\u00e9nicas<\/strong><\/p><p>JORNADAS DE TEATRO DEL SIGLO DE ORO<br \/><strong>Luciano Garc\u00eda Lorenzo<\/strong><\/p><p>\u00a0<\/p>\t\t\t\t\t\t\t\t<\/div>\n\t\t\t\t\t<\/div>\n\t\t\t\t<\/div>\n\t\t\t\t<\/div>\n\t\t","protected":false},"excerpt":{"rendered":"<p>ORGANIZADO Y PRODUCIDO POR CON LA COLABORACI\u00d3N DE CONSEJER\u00cdA DE CULTURA, TURISMO Y DEPORTE DE LA COMUNIDAD DE MADRID PresidentaIsabel D\u00edaz Ayuso Consejero de Cultura, Turismo y DeporteMariano de Paco Serrano Viceconsejero de Cultura, Turismo y DeporteLuis Fernando Mar\u00edn Izquierdo Director General de Cultura e Industrias CreativasManuel Lagos Gismero EXCELENT\u00cdSIMO AYUNTAMIENTO DE ALCAL\u00c1 DE HENARES [&hellip;]<\/p>\n","protected":false},"author":1,"featured_media":0,"parent":0,"menu_order":19,"comment_status":"closed","ping_status":"closed","template":"","meta":{"footnotes":""},"class_list":["post-591","page","type-page","status-publish","hentry"],"yoast_head":"<!-- This site is optimized with the Yoast SEO plugin v27.4 - https:\/\/yoast.com\/product\/yoast-seo-wordpress\/ -->\n<title>Organizaci\u00f3n - Festival de Teatro Cl\u00e1sicos en Alcal\u00e1 2026<\/title>\n<meta name=\"robots\" content=\"index, follow, max-snippet:-1, max-image-preview:large, max-video-preview:-1\" \/>\n<link rel=\"canonical\" href=\"https:\/\/www.clasicosenalcala.net\/2026\/organizacion\/\" \/>\n<meta property=\"og:locale\" content=\"es_ES\" \/>\n<meta property=\"og:type\" content=\"article\" \/>\n<meta property=\"og:title\" content=\"Organizaci\u00f3n - Festival de Teatro Cl\u00e1sicos en Alcal\u00e1 2026\" \/>\n<meta property=\"og:description\" content=\"ORGANIZADO Y PRODUCIDO POR CON LA COLABORACI\u00d3N DE CONSEJER\u00cdA DE CULTURA, TURISMO Y DEPORTE DE LA COMUNIDAD DE MADRID PresidentaIsabel D\u00edaz Ayuso Consejero de Cultura, Turismo y DeporteMariano de Paco Serrano Viceconsejero de Cultura, Turismo y DeporteLuis Fernando Mar\u00edn Izquierdo Director General de Cultura e Industrias CreativasManuel Lagos Gismero EXCELENT\u00cdSIMO AYUNTAMIENTO DE ALCAL\u00c1 DE HENARES [&hellip;]\" \/>\n<meta property=\"og:url\" content=\"https:\/\/www.clasicosenalcala.net\/2026\/organizacion\/\" \/>\n<meta property=\"og:site_name\" content=\"Festival de Teatro Cl\u00e1sicos en Alcal\u00e1 2026\" \/>\n<meta property=\"article:publisher\" content=\"http:\/\/www.facebook.com\/pages\/Clsicos-en-Alcal\/117666598263772\" \/>\n<meta property=\"article:modified_time\" content=\"2026-04-14T11:15:52+00:00\" \/>\n<meta property=\"og:image\" content=\"https:\/\/www.clasicosenalcala.net\/2026\/wp-content\/uploads\/2026\/03\/logo-ayto-alcala.png\" \/>\n\t<meta property=\"og:image:width\" content=\"114\" \/>\n\t<meta property=\"og:image:height\" content=\"120\" \/>\n\t<meta property=\"og:image:type\" content=\"image\/png\" \/>\n<meta name=\"twitter:card\" content=\"summary_large_image\" \/>\n<meta name=\"twitter:site\" content=\"@ClasicosAlcala\" \/>\n<meta name=\"twitter:label1\" content=\"Tiempo de lectura\" \/>\n\t<meta name=\"twitter:data1\" content=\"4 minutos\" \/>\n<script type=\"application\/ld+json\" class=\"yoast-schema-graph\">{\"@context\":\"https:\\\/\\\/schema.org\",\"@graph\":[{\"@type\":\"WebPage\",\"@id\":\"https:\\\/\\\/www.clasicosenalcala.net\\\/2026\\\/organizacion\\\/\",\"url\":\"https:\\\/\\\/www.clasicosenalcala.net\\\/2026\\\/organizacion\\\/\",\"name\":\"Organizaci\u00f3n - Festival de Teatro Cl\u00e1sicos en Alcal\u00e1 2026\",\"isPartOf\":{\"@id\":\"https:\\\/\\\/www.clasicosenalcala.net\\\/2026\\\/#website\"},\"primaryImageOfPage\":{\"@id\":\"https:\\\/\\\/www.clasicosenalcala.net\\\/2026\\\/organizacion\\\/#primaryimage\"},\"image\":{\"@id\":\"https:\\\/\\\/www.clasicosenalcala.net\\\/2026\\\/organizacion\\\/#primaryimage\"},\"thumbnailUrl\":\"https:\\\/\\\/www.clasicosenalcala.net\\\/2026\\\/wp-content\\\/uploads\\\/2026\\\/03\\\/logo-ayto-alcala.png\",\"datePublished\":\"2026-03-25T11:22:35+00:00\",\"dateModified\":\"2026-04-14T11:15:52+00:00\",\"breadcrumb\":{\"@id\":\"https:\\\/\\\/www.clasicosenalcala.net\\\/2026\\\/organizacion\\\/#breadcrumb\"},\"inLanguage\":\"es\",\"potentialAction\":[{\"@type\":\"ReadAction\",\"target\":[\"https:\\\/\\\/www.clasicosenalcala.net\\\/2026\\\/organizacion\\\/\"]}]},{\"@type\":\"ImageObject\",\"inLanguage\":\"es\",\"@id\":\"https:\\\/\\\/www.clasicosenalcala.net\\\/2026\\\/organizacion\\\/#primaryimage\",\"url\":\"https:\\\/\\\/www.clasicosenalcala.net\\\/2026\\\/wp-content\\\/uploads\\\/2026\\\/03\\\/logo-ayto-alcala.png\",\"contentUrl\":\"https:\\\/\\\/www.clasicosenalcala.net\\\/2026\\\/wp-content\\\/uploads\\\/2026\\\/03\\\/logo-ayto-alcala.png\",\"width\":114,\"height\":120,\"caption\":\"Ayuntamiento de Alcal\u00e1 de Henares\"},{\"@type\":\"BreadcrumbList\",\"@id\":\"https:\\\/\\\/www.clasicosenalcala.net\\\/2026\\\/organizacion\\\/#breadcrumb\",\"itemListElement\":[{\"@type\":\"ListItem\",\"position\":1,\"name\":\"Portada\",\"item\":\"https:\\\/\\\/www.clasicosenalcala.net\\\/2026\\\/\"},{\"@type\":\"ListItem\",\"position\":2,\"name\":\"Organizaci\u00f3n\"}]},{\"@type\":\"WebSite\",\"@id\":\"https:\\\/\\\/www.clasicosenalcala.net\\\/2026\\\/#website\",\"url\":\"https:\\\/\\\/www.clasicosenalcala.net\\\/2026\\\/\",\"name\":\"Festival Hispanoamericano del Siglo de Oro. XXV edici\u00f3n\",\"description\":\"\",\"publisher\":{\"@id\":\"https:\\\/\\\/www.clasicosenalcala.net\\\/2026\\\/#organization\"},\"potentialAction\":[{\"@type\":\"SearchAction\",\"target\":{\"@type\":\"EntryPoint\",\"urlTemplate\":\"https:\\\/\\\/www.clasicosenalcala.net\\\/2026\\\/?s={search_term_string}\"},\"query-input\":{\"@type\":\"PropertyValueSpecification\",\"valueRequired\":true,\"valueName\":\"search_term_string\"}}],\"inLanguage\":\"es\"},{\"@type\":\"Organization\",\"@id\":\"https:\\\/\\\/www.clasicosenalcala.net\\\/2026\\\/#organization\",\"name\":\"Festival Hispanoamericano del Siglo de Oro.\",\"url\":\"https:\\\/\\\/www.clasicosenalcala.net\\\/2026\\\/\",\"logo\":{\"@type\":\"ImageObject\",\"inLanguage\":\"es\",\"@id\":\"https:\\\/\\\/www.clasicosenalcala.net\\\/2026\\\/#\\\/schema\\\/logo\\\/image\\\/\",\"url\":\"https:\\\/\\\/www.clasicosenalcala.net\\\/2026\\\/wp-content\\\/uploads\\\/2026\\\/03\\\/cropped-favicon@600x-8.png\",\"contentUrl\":\"https:\\\/\\\/www.clasicosenalcala.net\\\/2026\\\/wp-content\\\/uploads\\\/2026\\\/03\\\/cropped-favicon@600x-8.png\",\"width\":512,\"height\":512,\"caption\":\"Festival Hispanoamericano del Siglo de Oro.\"},\"image\":{\"@id\":\"https:\\\/\\\/www.clasicosenalcala.net\\\/2026\\\/#\\\/schema\\\/logo\\\/image\\\/\"},\"sameAs\":[\"http:\\\/\\\/www.facebook.com\\\/pages\\\/Clsicos-en-Alcal\\\/117666598263772\",\"https:\\\/\\\/x.com\\\/ClasicosAlcala\",\"https:\\\/\\\/www.instagram.com\\\/clasicosalcala\\\/\"]}]}<\/script>\n<!-- \/ Yoast SEO plugin. -->","yoast_head_json":{"title":"Organizaci\u00f3n - Festival de Teatro Cl\u00e1sicos en Alcal\u00e1 2026","robots":{"index":"index","follow":"follow","max-snippet":"max-snippet:-1","max-image-preview":"max-image-preview:large","max-video-preview":"max-video-preview:-1"},"canonical":"https:\/\/www.clasicosenalcala.net\/2026\/organizacion\/","og_locale":"es_ES","og_type":"article","og_title":"Organizaci\u00f3n - Festival de Teatro Cl\u00e1sicos en Alcal\u00e1 2026","og_description":"ORGANIZADO Y PRODUCIDO POR CON LA COLABORACI\u00d3N DE CONSEJER\u00cdA DE CULTURA, TURISMO Y DEPORTE DE LA COMUNIDAD DE MADRID PresidentaIsabel D\u00edaz Ayuso Consejero de Cultura, Turismo y DeporteMariano de Paco Serrano Viceconsejero de Cultura, Turismo y DeporteLuis Fernando Mar\u00edn Izquierdo Director General de Cultura e Industrias CreativasManuel Lagos Gismero EXCELENT\u00cdSIMO AYUNTAMIENTO DE ALCAL\u00c1 DE HENARES [&hellip;]","og_url":"https:\/\/www.clasicosenalcala.net\/2026\/organizacion\/","og_site_name":"Festival de Teatro Cl\u00e1sicos en Alcal\u00e1 2026","article_publisher":"http:\/\/www.facebook.com\/pages\/Clsicos-en-Alcal\/117666598263772","article_modified_time":"2026-04-14T11:15:52+00:00","og_image":[{"width":114,"height":120,"url":"https:\/\/www.clasicosenalcala.net\/2026\/wp-content\/uploads\/2026\/03\/logo-ayto-alcala.png","type":"image\/png"}],"twitter_card":"summary_large_image","twitter_site":"@ClasicosAlcala","twitter_misc":{"Tiempo de lectura":"4 minutos"},"schema":{"@context":"https:\/\/schema.org","@graph":[{"@type":"WebPage","@id":"https:\/\/www.clasicosenalcala.net\/2026\/organizacion\/","url":"https:\/\/www.clasicosenalcala.net\/2026\/organizacion\/","name":"Organizaci\u00f3n - Festival de Teatro Cl\u00e1sicos en Alcal\u00e1 2026","isPartOf":{"@id":"https:\/\/www.clasicosenalcala.net\/2026\/#website"},"primaryImageOfPage":{"@id":"https:\/\/www.clasicosenalcala.net\/2026\/organizacion\/#primaryimage"},"image":{"@id":"https:\/\/www.clasicosenalcala.net\/2026\/organizacion\/#primaryimage"},"thumbnailUrl":"https:\/\/www.clasicosenalcala.net\/2026\/wp-content\/uploads\/2026\/03\/logo-ayto-alcala.png","datePublished":"2026-03-25T11:22:35+00:00","dateModified":"2026-04-14T11:15:52+00:00","breadcrumb":{"@id":"https:\/\/www.clasicosenalcala.net\/2026\/organizacion\/#breadcrumb"},"inLanguage":"es","potentialAction":[{"@type":"ReadAction","target":["https:\/\/www.clasicosenalcala.net\/2026\/organizacion\/"]}]},{"@type":"ImageObject","inLanguage":"es","@id":"https:\/\/www.clasicosenalcala.net\/2026\/organizacion\/#primaryimage","url":"https:\/\/www.clasicosenalcala.net\/2026\/wp-content\/uploads\/2026\/03\/logo-ayto-alcala.png","contentUrl":"https:\/\/www.clasicosenalcala.net\/2026\/wp-content\/uploads\/2026\/03\/logo-ayto-alcala.png","width":114,"height":120,"caption":"Ayuntamiento de Alcal\u00e1 de Henares"},{"@type":"BreadcrumbList","@id":"https:\/\/www.clasicosenalcala.net\/2026\/organizacion\/#breadcrumb","itemListElement":[{"@type":"ListItem","position":1,"name":"Portada","item":"https:\/\/www.clasicosenalcala.net\/2026\/"},{"@type":"ListItem","position":2,"name":"Organizaci\u00f3n"}]},{"@type":"WebSite","@id":"https:\/\/www.clasicosenalcala.net\/2026\/#website","url":"https:\/\/www.clasicosenalcala.net\/2026\/","name":"Festival Hispanoamericano del Siglo de Oro. XXV edici\u00f3n","description":"","publisher":{"@id":"https:\/\/www.clasicosenalcala.net\/2026\/#organization"},"potentialAction":[{"@type":"SearchAction","target":{"@type":"EntryPoint","urlTemplate":"https:\/\/www.clasicosenalcala.net\/2026\/?s={search_term_string}"},"query-input":{"@type":"PropertyValueSpecification","valueRequired":true,"valueName":"search_term_string"}}],"inLanguage":"es"},{"@type":"Organization","@id":"https:\/\/www.clasicosenalcala.net\/2026\/#organization","name":"Festival Hispanoamericano del Siglo de Oro.","url":"https:\/\/www.clasicosenalcala.net\/2026\/","logo":{"@type":"ImageObject","inLanguage":"es","@id":"https:\/\/www.clasicosenalcala.net\/2026\/#\/schema\/logo\/image\/","url":"https:\/\/www.clasicosenalcala.net\/2026\/wp-content\/uploads\/2026\/03\/cropped-favicon@600x-8.png","contentUrl":"https:\/\/www.clasicosenalcala.net\/2026\/wp-content\/uploads\/2026\/03\/cropped-favicon@600x-8.png","width":512,"height":512,"caption":"Festival Hispanoamericano del Siglo de Oro."},"image":{"@id":"https:\/\/www.clasicosenalcala.net\/2026\/#\/schema\/logo\/image\/"},"sameAs":["http:\/\/www.facebook.com\/pages\/Clsicos-en-Alcal\/117666598263772","https:\/\/x.com\/ClasicosAlcala","https:\/\/www.instagram.com\/clasicosalcala\/"]}]}},"_links":{"self":[{"href":"https:\/\/www.clasicosenalcala.net\/2026\/wp-json\/wp\/v2\/pages\/591","targetHints":{"allow":["GET"]}}],"collection":[{"href":"https:\/\/www.clasicosenalcala.net\/2026\/wp-json\/wp\/v2\/pages"}],"about":[{"href":"https:\/\/www.clasicosenalcala.net\/2026\/wp-json\/wp\/v2\/types\/page"}],"author":[{"embeddable":true,"href":"https:\/\/www.clasicosenalcala.net\/2026\/wp-json\/wp\/v2\/users\/1"}],"replies":[{"embeddable":true,"href":"https:\/\/www.clasicosenalcala.net\/2026\/wp-json\/wp\/v2\/comments?post=591"}],"version-history":[{"count":43,"href":"https:\/\/www.clasicosenalcala.net\/2026\/wp-json\/wp\/v2\/pages\/591\/revisions"}],"predecessor-version":[{"id":2483,"href":"https:\/\/www.clasicosenalcala.net\/2026\/wp-json\/wp\/v2\/pages\/591\/revisions\/2483"}],"wp:attachment":[{"href":"https:\/\/www.clasicosenalcala.net\/2026\/wp-json\/wp\/v2\/media?parent=591"}],"curies":[{"name":"wp","href":"https:\/\/api.w.org\/{rel}","templated":true}]}}